{"id":5730,"date":"2022-12-03T15:02:03","date_gmt":"2022-12-03T14:02:03","guid":{"rendered":"https:\/\/www.agv44.org\/site\/?page_id=5730"},"modified":"2025-03-16T14:15:32","modified_gmt":"2025-03-16T13:15:32","slug":"arbres-de-personnalites","status":"publish","type":"page","link":"https:\/\/www.agv44.org\/site\/arbres-de-personnalites\/","title":{"rendered":"Arbres de personnalit\u00e9s"},"content":{"rendered":"<div class=\"wp-block-image\">\n<figure class=\"aligncenter size-medium is-resized\"><img loading=\"lazy\" decoding=\"async\" width=\"300\" height=\"72\" src=\"https:\/\/www.agv44.org\/site\/wp-content\/uploads\/2022\/12\/arbres-de-p-300x72.png\" alt=\"\" class=\"wp-image-5733\" style=\"width:400px\" srcset=\"https:\/\/www.agv44.org\/site\/wp-content\/uploads\/2022\/12\/arbres-de-p-300x72.png 300w, https:\/\/www.agv44.org\/site\/wp-content\/uploads\/2022\/12\/arbres-de-p-1024x244.png 1024w, https:\/\/www.agv44.org\/site\/wp-content\/uploads\/2022\/12\/arbres-de-p-768x183.png 768w, https:\/\/www.agv44.org\/site\/wp-content\/uploads\/2022\/12\/arbres-de-p-1536x366.png 1536w, https:\/\/www.agv44.org\/site\/wp-content\/uploads\/2022\/12\/arbres-de-p-2048x489.png 2048w, https:\/\/www.agv44.org\/site\/wp-content\/uploads\/2022\/12\/arbres-de-p-676x161.png 676w\" sizes=\"auto, (max-width: 300px) 100vw, 300px\" \/><\/figure><\/div>\n\n\n<p class=\"has-text-align-center has-text-color\" style=\"color:#0300a3\"><a href=\"https:\/\/www.agv44.org\/site\/marie-alphonse-bedeau\/\" target=\"_blank\" rel=\"noreferrer noopener\">Bedeau Marie-Alphonse<\/a><\/p>\n\n\n\n<p class=\"has-text-align-center has-text-color\" style=\"color:#0c00a3\"><a href=\"https:\/\/www.agv44.org\/site\/adolphe-billault\/\" target=\"_blank\" rel=\"noreferrer noopener\">Billault Adolphe<\/a><\/p>\n\n\n\n<p class=\"has-text-align-center has-text-color\" style=\"color:#1e00a3\"><a href=\"https:\/\/www.agv44.org\/site\/francois-bonamy\/\" target=\"_blank\" rel=\"noreferrer noopener\">Bonamy Fran\u00e7ois<\/a><\/p>\n\n\n\n<p class=\"has-text-align-center\"><a href=\"https:\/\/www.agv44.org\/site\/eugene-et-francois-bureau\/\" target=\"_blank\" rel=\"noreferrer noopener\">Bureau Eug\u00e8ne et Fran\u00e7ois<\/a><\/p>\n\n\n\n<p class=\"has-text-align-center\"><a href=\"https:\/\/www.agv44.org\/site\/georges-bureau\/\" target=\"_blank\" rel=\"noreferrer noopener\">Bureau Georges<\/a><\/p>\n\n\n\n<p class=\"has-text-align-center has-text-color\" style=\"color:#1500a3\"><a href=\"https:\/\/www.agv44.org\/site\/rene-guy-cadou\/\" target=\"_blank\" rel=\"noreferrer noopener\">Cadou Ren\u00e9-Guy<\/a><\/p>\n\n\n\n<p class=\"has-text-align-center has-text-color\" style=\"color:#1e00a3\"><a href=\"https:\/\/www.agv44.org\/site\/henri-charpentier\/\" target=\"_blank\" rel=\"noreferrer noopener\">Charpentier Henri<\/a><\/p>\n\n\n\n<p class=\"has-text-align-center\"><a href=\"https:\/\/www.agv44.org\/site\/luc-dejoie\/\" target=\"_blank\" rel=\"noreferrer noopener\">Dejoie Luc<\/a><\/p>\n\n\n\n<p class=\"has-text-align-center has-text-color\" style=\"color:#1e00a3\"><a href=\"https:\/\/www.agv44.org\/site\/pierre-doussin\/\" target=\"_blank\" rel=\"noreferrer noopener\">Doussin Pierre<\/a><\/p>\n\n\n\n<p class=\"has-text-align-center has-text-color\" style=\"color:#0700a3\"><a href=\"https:\/\/www.agv44.org\/site\/claude-de-ferey\/\" target=\"_blank\" rel=\"noreferrer noopener\">de Ferey Claude<\/a><\/p>\n\n\n\n<p class=\"has-text-align-center has-text-color\" style=\"color:#0001a3\"><a href=\"https:\/\/www.agv44.org\/site\/paul-proust-de-la-gironniere\/\" target=\"_blank\" rel=\"noreferrer noopener\">Proust de la Gironni\u00e8re Paul<\/a><\/p>\n\n\n\n<p class=\"has-text-align-center\"><a href=\"https:\/\/www.agv44.org\/site\/philippe-gondet\/\">Philippe Gondet<\/a><\/p>\n\n\n\n<p class=\"has-text-align-center\"><a href=\"https:\/\/www.agv44.org\/site\/francis-guerrier\/\">Fran\u00e7is Guerrier<\/a><\/p>\n\n\n\n<p class=\"has-text-align-center\"><a href=\"https:\/\/www.agv44.org\/site\/cyrille-guimard\/\" target=\"_blank\" rel=\"noreferrer noopener\">Guimard Cyrille<\/a><\/p>\n\n\n\n<p class=\"has-text-align-center has-text-color\" style=\"color:#2200a3\"><a href=\"https:\/\/www.agv44.org\/site\/robert-hersant\/\" target=\"_blank\" rel=\"noreferrer noopener\">Hersant Robert<\/a><\/p>\n\n\n\n<p class=\"has-text-align-center has-text-color\" style=\"color:#0700a3\"><a href=\"https:\/\/www.agv44.org\/site\/marie-heurtin\/\" target=\"_blank\" rel=\"noreferrer noopener\">Heurtin Marie<\/a><\/p>\n\n\n\n<p class=\"has-text-align-center has-text-color\" style=\"color:#1900a3\"><a href=\"https:\/\/www.agv44.org\/site\/alphonse-jarnoux\/\" target=\"_blank\" rel=\"noreferrer noopener\">Jarnoux Alphonse<\/a><\/p>\n\n\n\n<p class=\"has-text-align-center has-text-color\" style=\"color:#0001a3\"><a href=\"https:\/\/www.agv44.org\/site\/auguste-lerat\/\" target=\"_blank\" rel=\"noreferrer noopener\">Lerat Auguste<\/a><\/p>\n\n\n\n<p class=\"has-text-align-center\"><a href=\"https:\/\/www.agv44.org\/site\/lucien-mazan-dit-petit-breton\/\" target=\"_blank\" rel=\"noreferrer noopener\">Mazan Lucien dit Petit-Breton<\/a><\/p>\n\n\n\n<p class=\"has-text-align-center\"><a href=\"https:\/\/www.agv44.org\/site\/alice-milliat\/\">Alice Milliat<\/a><\/p>\n\n\n\n<p class=\"has-text-align-center has-text-color\" style=\"color:#0300a3\"><a href=\"https:\/\/www.agv44.org\/site\/gustave-roch\/\" target=\"_blank\" rel=\"noreferrer noopener\">Roch Gustave<\/a><\/p>\n\n\n\n<p class=\"has-text-align-center has-text-color\" style=\"color:#0700a3\"><a href=\"http:\/\/agv44.org\/site\/famille-sorin\/\" target=\"_blank\" rel=\"noreferrer noopener\">Sorin (famille)<\/a><\/p>\n\n\n\n<p class=\"has-text-align-center has-text-color\" style=\"color:#0c00a3\"><a href=\"https:\/\/www.agv44.org\/site\/jean-voruz\/\" target=\"_blank\" rel=\"noreferrer noopener\">Voruz Jean<\/a><\/p>\n","protected":false},"excerpt":{"rendered":"<p>Bedeau Marie-Alphonse Billault Adolphe Bonamy Fran\u00e7ois Bureau Eug\u00e8ne et Fran\u00e7ois Bureau Georges Cadou Ren\u00e9-Guy Charpentier Henri Dejoie Luc Doussin Pierre de Ferey Claude Proust de la Gironni\u00e8re Paul Philippe Gondet Fran\u00e7is Guerrier Guimard Cyrille Hersant Robert Heurtin Marie Jarnoux Alphonse Lerat Auguste Mazan Lucien dit Petit-Breton Alice Milliat Roch Gustave Sorin (famille) Voruz Jean<\/p>\n","protected":false},"author":86,"featured_media":0,"parent":0,"menu_order":0,"comment_status":"closed","ping_status":"closed","template":"","meta":{"footnotes":""},"class_list":["post-5730","page","type-page","status-publish","hentry","post-preview"],"yoast_head":"<!-- This site is optimized with the Yoast SEO plugin v24.4 - https:\/\/yoast.com\/wordpress\/plugins\/seo\/ -->\n<title>Arbres de personnalit\u00e9s<\/title>\n<meta name=\"description\" content=\"Bedeau Marie-Alphonse Billault Adolphe Bonamy Fran\u00e7ois Bureau Eug\u00e8ne et Fran\u00e7ois Bureau Georges Cadou Ren\u00e9-Guy Charpentier Henri Dejoie Luc Doussin Pierre\" \/>\n<meta name=\"robots\" content=\"index, follow, max-snippet:-1, max-image-preview:large, max-video-preview:-1\" \/>\n<link rel=\"canonical\" href=\"https:\/\/www.agv44.org\/site\/arbres-de-personnalites\/\" \/>\n<meta property=\"og:locale\" content=\"fr_FR\" \/>\n<meta property=\"og:type\" content=\"article\" \/>\n<meta property=\"og:title\" content=\"Arbres de personnalit\u00e9s\" \/>\n<meta property=\"og:description\" content=\"Bedeau Marie-Alphonse Billault Adolphe Bonamy Fran\u00e7ois Bureau Eug\u00e8ne et Fran\u00e7ois Bureau Georges Cadou Ren\u00e9-Guy Charpentier Henri Dejoie Luc Doussin Pierre\" \/>\n<meta property=\"og:url\" content=\"https:\/\/www.agv44.org\/site\/arbres-de-personnalites\/\" \/>\n<meta property=\"article:modified_time\" content=\"2025-03-16T13:15:32+00:00\" \/>\n<meta property=\"og:image\" content=\"https:\/\/www.agv44.org\/site\/wp-content\/uploads\/2022\/12\/arbres-de-p.png\" \/>\n\t<meta property=\"og:image:width\" content=\"2955\" \/>\n\t<meta property=\"og:image:height\" content=\"705\" \/>\n\t<meta property=\"og:image:type\" content=\"image\/png\" \/>\n<meta name=\"twitter:card\" content=\"summary_large_image\" \/>\n<meta name=\"twitter:label1\" content=\"Dur\u00e9e de lecture estim\u00e9e\" \/>\n\t<meta name=\"twitter:data1\" content=\"1 minute\" \/>\n<script type=\"application\/ld+json\" class=\"yoast-schema-graph\">{\"@context\":\"https:\/\/schema.org\",\"@graph\":[{\"@type\":\"WebPage\",\"@id\":\"https:\/\/www.agv44.org\/site\/arbres-de-personnalites\/\",\"url\":\"https:\/\/www.agv44.org\/site\/arbres-de-personnalites\/\",\"name\":\"Arbres de personnalit\u00e9s\",\"isPartOf\":{\"@id\":\"https:\/\/www.agv44.org\/site\/#website\"},\"primaryImageOfPage\":{\"@id\":\"https:\/\/www.agv44.org\/site\/arbres-de-personnalites\/#primaryimage\"},\"image\":{\"@id\":\"https:\/\/www.agv44.org\/site\/arbres-de-personnalites\/#primaryimage\"},\"thumbnailUrl\":\"https:\/\/www.agv44.org\/site\/wp-content\/uploads\/2022\/12\/arbres-de-p-300x72.png\",\"datePublished\":\"2022-12-03T14:02:03+00:00\",\"dateModified\":\"2025-03-16T13:15:32+00:00\",\"description\":\"Bedeau Marie-Alphonse Billault Adolphe Bonamy Fran\u00e7ois Bureau Eug\u00e8ne et Fran\u00e7ois Bureau Georges Cadou Ren\u00e9-Guy Charpentier Henri Dejoie Luc Doussin Pierre\",\"breadcrumb\":{\"@id\":\"https:\/\/www.agv44.org\/site\/arbres-de-personnalites\/#breadcrumb\"},\"inLanguage\":\"fr-FR\",\"potentialAction\":[{\"@type\":\"ReadAction\",\"target\":[\"https:\/\/www.agv44.org\/site\/arbres-de-personnalites\/\"]}]},{\"@type\":\"ImageObject\",\"inLanguage\":\"fr-FR\",\"@id\":\"https:\/\/www.agv44.org\/site\/arbres-de-personnalites\/#primaryimage\",\"url\":\"https:\/\/www.agv44.org\/site\/wp-content\/uploads\/2022\/12\/arbres-de-p.png\",\"contentUrl\":\"https:\/\/www.agv44.org\/site\/wp-content\/uploads\/2022\/12\/arbres-de-p.png\",\"width\":2955,\"height\":705},{\"@type\":\"BreadcrumbList\",\"@id\":\"https:\/\/www.agv44.org\/site\/arbres-de-personnalites\/#breadcrumb\",\"itemListElement\":[{\"@type\":\"ListItem\",\"position\":1,\"name\":\"Accueil\",\"item\":\"https:\/\/www.agv44.org\/site\/\"},{\"@type\":\"ListItem\",\"position\":2,\"name\":\"Arbres de personnalit\u00e9s\"}]},{\"@type\":\"WebSite\",\"@id\":\"https:\/\/www.agv44.org\/site\/#website\",\"url\":\"https:\/\/www.agv44.org\/site\/\",\"name\":\"\",\"description\":\"\",\"publisher\":{\"@id\":\"https:\/\/www.agv44.org\/site\/#organization\"},\"potentialAction\":[{\"@type\":\"SearchAction\",\"target\":{\"@type\":\"EntryPoint\",\"urlTemplate\":\"https:\/\/www.agv44.org\/site\/?s={search_term_string}\"},\"query-input\":{\"@type\":\"PropertyValueSpecification\",\"valueRequired\":true,\"valueName\":\"search_term_string\"}}],\"inLanguage\":\"fr-FR\"},{\"@type\":\"Organization\",\"@id\":\"https:\/\/www.agv44.org\/site\/#organization\",\"name\":\"Association G\u00e9n\u00e9alogique Vertavienne\",\"url\":\"https:\/\/www.agv44.org\/site\/\",\"logo\":{\"@type\":\"ImageObject\",\"inLanguage\":\"fr-FR\",\"@id\":\"https:\/\/www.agv44.org\/site\/#\/schema\/logo\/image\/\",\"url\":\"https:\/\/www.agv44.org\/site\/wp-content\/uploads\/2020\/04\/logoagv300.png\",\"contentUrl\":\"https:\/\/www.agv44.org\/site\/wp-content\/uploads\/2020\/04\/logoagv300.png\",\"width\":300,\"height\":271,\"caption\":\"Association G\u00e9n\u00e9alogique Vertavienne\"},\"image\":{\"@id\":\"https:\/\/www.agv44.org\/site\/#\/schema\/logo\/image\/\"}}]}<\/script>\n<!-- \/ Yoast SEO plugin. -->","yoast_head_json":{"title":"Arbres de personnalit\u00e9s","description":"Bedeau Marie-Alphonse Billault Adolphe Bonamy Fran\u00e7ois Bureau Eug\u00e8ne et Fran\u00e7ois Bureau Georges Cadou Ren\u00e9-Guy Charpentier Henri Dejoie Luc Doussin Pierre","robots":{"index":"index","follow":"follow","max-snippet":"max-snippet:-1","max-image-preview":"max-image-preview:large","max-video-preview":"max-video-preview:-1"},"canonical":"https:\/\/www.agv44.org\/site\/arbres-de-personnalites\/","og_locale":"fr_FR","og_type":"article","og_title":"Arbres de personnalit\u00e9s","og_description":"Bedeau Marie-Alphonse Billault Adolphe Bonamy Fran\u00e7ois Bureau Eug\u00e8ne et Fran\u00e7ois Bureau Georges Cadou Ren\u00e9-Guy Charpentier Henri Dejoie Luc Doussin Pierre","og_url":"https:\/\/www.agv44.org\/site\/arbres-de-personnalites\/","article_modified_time":"2025-03-16T13:15:32+00:00","og_image":[{"width":2955,"height":705,"url":"https:\/\/www.agv44.org\/site\/wp-content\/uploads\/2022\/12\/arbres-de-p.png","type":"image\/png"}],"twitter_card":"summary_large_image","twitter_misc":{"Dur\u00e9e de lecture estim\u00e9e":"1 minute"},"schema":{"@context":"https:\/\/schema.org","@graph":[{"@type":"WebPage","@id":"https:\/\/www.agv44.org\/site\/arbres-de-personnalites\/","url":"https:\/\/www.agv44.org\/site\/arbres-de-personnalites\/","name":"Arbres de personnalit\u00e9s","isPartOf":{"@id":"https:\/\/www.agv44.org\/site\/#website"},"primaryImageOfPage":{"@id":"https:\/\/www.agv44.org\/site\/arbres-de-personnalites\/#primaryimage"},"image":{"@id":"https:\/\/www.agv44.org\/site\/arbres-de-personnalites\/#primaryimage"},"thumbnailUrl":"https:\/\/www.agv44.org\/site\/wp-content\/uploads\/2022\/12\/arbres-de-p-300x72.png","datePublished":"2022-12-03T14:02:03+00:00","dateModified":"2025-03-16T13:15:32+00:00","description":"Bedeau Marie-Alphonse Billault Adolphe Bonamy Fran\u00e7ois Bureau Eug\u00e8ne et Fran\u00e7ois Bureau Georges Cadou Ren\u00e9-Guy Charpentier Henri Dejoie Luc Doussin Pierre","breadcrumb":{"@id":"https:\/\/www.agv44.org\/site\/arbres-de-personnalites\/#breadcrumb"},"inLanguage":"fr-FR","potentialAction":[{"@type":"ReadAction","target":["https:\/\/www.agv44.org\/site\/arbres-de-personnalites\/"]}]},{"@type":"ImageObject","inLanguage":"fr-FR","@id":"https:\/\/www.agv44.org\/site\/arbres-de-personnalites\/#primaryimage","url":"https:\/\/www.agv44.org\/site\/wp-content\/uploads\/2022\/12\/arbres-de-p.png","contentUrl":"https:\/\/www.agv44.org\/site\/wp-content\/uploads\/2022\/12\/arbres-de-p.png","width":2955,"height":705},{"@type":"BreadcrumbList","@id":"https:\/\/www.agv44.org\/site\/arbres-de-personnalites\/#breadcrumb","itemListElement":[{"@type":"ListItem","position":1,"name":"Accueil","item":"https:\/\/www.agv44.org\/site\/"},{"@type":"ListItem","position":2,"name":"Arbres de personnalit\u00e9s"}]},{"@type":"WebSite","@id":"https:\/\/www.agv44.org\/site\/#website","url":"https:\/\/www.agv44.org\/site\/","name":"","description":"","publisher":{"@id":"https:\/\/www.agv44.org\/site\/#organization"},"potentialAction":[{"@type":"SearchAction","target":{"@type":"EntryPoint","urlTemplate":"https:\/\/www.agv44.org\/site\/?s={search_term_string}"},"query-input":{"@type":"PropertyValueSpecification","valueRequired":true,"valueName":"search_term_string"}}],"inLanguage":"fr-FR"},{"@type":"Organization","@id":"https:\/\/www.agv44.org\/site\/#organization","name":"Association G\u00e9n\u00e9alogique Vertavienne","url":"https:\/\/www.agv44.org\/site\/","logo":{"@type":"ImageObject","inLanguage":"fr-FR","@id":"https:\/\/www.agv44.org\/site\/#\/schema\/logo\/image\/","url":"https:\/\/www.agv44.org\/site\/wp-content\/uploads\/2020\/04\/logoagv300.png","contentUrl":"https:\/\/www.agv44.org\/site\/wp-content\/uploads\/2020\/04\/logoagv300.png","width":300,"height":271,"caption":"Association G\u00e9n\u00e9alogique Vertavienne"},"image":{"@id":"https:\/\/www.agv44.org\/site\/#\/schema\/logo\/image\/"}}]}},"_links":{"self":[{"href":"https:\/\/www.agv44.org\/site\/wp-json\/wp\/v2\/pages\/5730","targetHints":{"allow":["GET"]}}],"collection":[{"href":"https:\/\/www.agv44.org\/site\/wp-json\/wp\/v2\/pages"}],"about":[{"href":"https:\/\/www.agv44.org\/site\/wp-json\/wp\/v2\/types\/page"}],"author":[{"embeddable":true,"href":"https:\/\/www.agv44.org\/site\/wp-json\/wp\/v2\/users\/86"}],"replies":[{"embeddable":true,"href":"https:\/\/www.agv44.org\/site\/wp-json\/wp\/v2\/comments?post=5730"}],"version-history":[{"count":16,"href":"https:\/\/www.agv44.org\/site\/wp-json\/wp\/v2\/pages\/5730\/revisions"}],"predecessor-version":[{"id":7231,"href":"https:\/\/www.agv44.org\/site\/wp-json\/wp\/v2\/pages\/5730\/revisions\/7231"}],"wp:attachment":[{"href":"https:\/\/www.agv44.org\/site\/wp-json\/wp\/v2\/media?parent=5730"}],"curies":[{"name":"wp","href":"https:\/\/api.w.org\/{rel}","templated":true}]}}