{"id":4776,"date":"2021-04-05T14:49:12","date_gmt":"2021-04-05T12:49:12","guid":{"rendered":"https:\/\/www.agv44.org\/site\/?page_id=4776"},"modified":"2021-04-28T12:33:36","modified_gmt":"2021-04-28T10:33:36","slug":"monique-le-plat","status":"publish","type":"page","link":"https:\/\/www.agv44.org\/site\/monique-le-plat\/","title":{"rendered":"monique le plat"},"content":{"rendered":"\n<p class=\"has-text-align-center has-text-color\" style=\"font-size:33px;color:#a33500\">Parcours d&rsquo;un r\u00e9sistant d\u00e9port\u00e9<\/p>\n\n\n\n<p>En janvier 2020, j\u2019ai vu un reportage dans lequel une femme expliquait avoir re\u00e7u le portefeuille de son grand-p\u00e8re, d\u00e9port\u00e9 en Allemagne pendant la guerre 39-45. Elle \u00e9tait tr\u00e8s \u00e9mue de retrouver dans ce portefeuille des photos anciennes et des documents qu\u2019elle ne connaissait pas.<br>Le portefeuille provenait d\u2019Arolsen Archives, un centre de documentation, situ\u00e9 en Allemagne, qui poss\u00e8de le fonds le plus complet au monde sur les victimes et les survivants des pers\u00e9cutions nazies.<br>Consultant alors le site internet d\u2019Arolsen Archives je d\u00e9couvre qu\u2019il est possible d\u2019envoyer une demande pour des recherches sur une personne d\u00e9port\u00e9e dans les camps de concentration.<\/p>\n\n\n\n<div class=\"wp-block-image\"><figure class=\"alignleft size-large is-resized\"><img loading=\"lazy\" decoding=\"async\" src=\"https:\/\/www.agv44.org\/site\/wp-content\/uploads\/2021\/04\/portrait.jpg\" alt=\"\" class=\"wp-image-4778\" width=\"186\" height=\"203\" srcset=\"https:\/\/www.agv44.org\/site\/wp-content\/uploads\/2021\/04\/portrait.jpg 449w, https:\/\/www.agv44.org\/site\/wp-content\/uploads\/2021\/04\/portrait-275x300.jpg 275w\" sizes=\"auto, (max-width: 186px) 100vw, 186px\" \/><\/figure><\/div>\n\n\n\n<p>Le p\u00e8re de mon mari, L\u00e9on Le Plat, \u00e9tait soudeur aux Chantiers de La Loire \u00e0 Nantes et faisait partie d\u2019un r\u00e9seau de r\u00e9sistance de FTPF (Francs Tireurs et Partisans Fran\u00e7ais), groupe des Chantiers de La Loire, d\u00e8s juillet 1940.<br>Il participait au sabotage des navires de guerre allemands en r\u00e9paration aux chantiers, \u00e0 la r\u00e9cup\u00e9ration de mat\u00e9riels de guerre, d\u2019explosifs et d\u2019armes et \u00e0 la distribution de tracts anti-allemands.<\/p>\n\n\n\n<p>Il a \u00e9t\u00e9 arr\u00eat\u00e9 une premi\u00e8re fois en novembre 1942 et rel\u00e2ch\u00e9 une semaine plus tard.<br>Suite \u00e0 une d\u00e9nonciation, il est \u00e0 nouveau arr\u00eat\u00e9 le 13 juillet 1943, avec 14 autres personnes, pour activit\u00e9s anti-allemandes.<br>Il est intern\u00e9 \u00e0 la prison Lafayette \u00e0 Nantes du 13 juillet au 13 septembre 1943, puis envoy\u00e9 au Pr\u00e9-Pigeon \u00e0 Angers; il est ensuite transf\u00e9r\u00e9 au camp de transit de Royallieu \u00e0 Compi\u00e8gne.<br>Jug\u00e9 par le tribunal militaire allemand le 13 octobre 1943, il est condamn\u00e9 \u00e0 la d\u00e9portation.<br>Parti de Compi\u00e8gne le 28 octobre 1943, son convoi arrive \u00e0 Buchenwald le 29 octobre o\u00f9 il lui est attribu\u00e9 le matricule 30547.<br>Le camp de Buchenwald est situ\u00e9 en plein c\u0153ur de l\u2019Allemagne dans la province de Thuringe, sur la colline de l\u2019Ettersberg \u00e0 proximit\u00e9 de la ville de Weimar.<\/p>\n\n\n\n<div class=\"wp-block-image\"><figure class=\"alignright size-large\"><img loading=\"lazy\" decoding=\"async\" width=\"374\" height=\"266\" src=\"https:\/\/www.agv44.org\/site\/wp-content\/uploads\/2021\/04\/grille-entree.jpg\" alt=\"\" class=\"wp-image-4780\" srcset=\"https:\/\/www.agv44.org\/site\/wp-content\/uploads\/2021\/04\/grille-entree.jpg 374w, https:\/\/www.agv44.org\/site\/wp-content\/uploads\/2021\/04\/grille-entree-300x213.jpg 300w\" sizes=\"auto, (max-width: 374px) 100vw, 374px\" \/><figcaption>La grille d&rsquo;entr\u00e9e du camp, \u00ab Jedem das Seine \u00bb : \u00ab A chacun son d\u00fb \u00bb<\/figcaption><\/figure><\/div>\n\n\n\n<p>Il est affect\u00e9 en kommando de travail \u00e0 Weimar le 5 d\u00e9cembre 1944, \u00e0 l\u2019usine Gustloff qui fabrique des fusils et des caissons de munitions.<\/p>\n\n\n\n<p>Il r\u00e9ussit \u00e0 s\u2019\u00e9vader du convoi d\u2019extermination le 28 avril 1945 et est lib\u00e9r\u00e9 par l\u2019avanc\u00e9e alli\u00e9e le 30 avril 1945.<\/p>\n\n\n\n<p>Les SS essay\u00e8rent d\u2019\u00e9vacuer le camp et firent partir 28&nbsp;000 d\u00e9tenus sur les routes pour des marches de la mort. Environ 21&nbsp;000 d\u00e9tenus rest\u00e8rent au camp dont plus de 900 enfants<\/p>\n\n\n\n<p>Au total, plus de 250 000 hommes furent d\u00e9tenus \u00e0 Buchenwald entre 1937 et 1945 et plus de 56 000 d\u2019entre eux y laiss\u00e8rent la vie.<\/p>\n\n\n\n<p>L\u00e9on Le Plat est revenu \u00e0 Nantes le 24 mai 1945, \u00e0 son arriv\u00e9e, il ne pesait plus que 33 kg pour une taille de 1,55m . Il a \u00e9t\u00e9 reconnu grand invalide de guerre.<\/p>\n\n\n\n<div class=\"wp-block-image\"><figure class=\"aligncenter size-large is-resized\"><img loading=\"lazy\" decoding=\"async\" src=\"https:\/\/www.agv44.org\/site\/wp-content\/uploads\/2021\/04\/attestation-879x1024.jpg\" alt=\"\" class=\"wp-image-4779\" width=\"509\" height=\"592\" srcset=\"https:\/\/www.agv44.org\/site\/wp-content\/uploads\/2021\/04\/attestation-879x1024.jpg 879w, https:\/\/www.agv44.org\/site\/wp-content\/uploads\/2021\/04\/attestation-257x300.jpg 257w, https:\/\/www.agv44.org\/site\/wp-content\/uploads\/2021\/04\/attestation-768x895.jpg 768w, https:\/\/www.agv44.org\/site\/wp-content\/uploads\/2021\/04\/attestation-676x788.jpg 676w, https:\/\/www.agv44.org\/site\/wp-content\/uploads\/2021\/04\/attestation.jpg 1254w\" sizes=\"auto, (max-width: 509px) 100vw, 509px\" \/><\/figure><\/div>\n\n\n\n<p>Ces renseignements et documents proviennent du dossier de demande d\u2019homologation de services de r\u00e9sistance et de d\u00e9portation (consid\u00e9r\u00e9s comme des p\u00e9riodes militaires) conserv\u00e9 au Service Historique de la D\u00e9fense de Vincennes et du dossier de demande d\u2019attribution du titre de d\u00e9port\u00e9 r\u00e9sistant conserv\u00e9 au Service Historique de la D\u00e9fense de Caen, ainsi que du Comit\u00e9 d\u00e9partemental du souvenir des Fusill\u00e9s de Ch\u00e2teaubriant et Nantes et de la r\u00e9sistance en Loire-Inf\u00e9rieure.<\/p>\n\n\n\n<div class=\"wp-block-image\"><figure class=\"aligncenter size-large is-resized\"><img loading=\"lazy\" decoding=\"async\" src=\"https:\/\/www.agv44.org\/site\/wp-content\/uploads\/2021\/04\/resistance-organisee-1024x658.jpg\" alt=\"\" class=\"wp-image-4781\" width=\"471\" height=\"302\" srcset=\"https:\/\/www.agv44.org\/site\/wp-content\/uploads\/2021\/04\/resistance-organisee-1024x658.jpg 1024w, https:\/\/www.agv44.org\/site\/wp-content\/uploads\/2021\/04\/resistance-organisee-300x193.jpg 300w, https:\/\/www.agv44.org\/site\/wp-content\/uploads\/2021\/04\/resistance-organisee-768x493.jpg 768w, https:\/\/www.agv44.org\/site\/wp-content\/uploads\/2021\/04\/resistance-organisee-676x434.jpg 676w, https:\/\/www.agv44.org\/site\/wp-content\/uploads\/2021\/04\/resistance-organisee.jpg 1196w\" sizes=\"auto, (max-width: 471px) 100vw, 471px\" \/><\/figure><\/div>\n\n\n\n<p>Le 22 janvier 2020, j\u2019envoie donc une demande \u00e0 Arolsen Archives qui me pr\u00e9cise que le d\u00e9lai de r\u00e9ponse peut atteindre plus de 10 mois, le centre re\u00e7oit plus de 25 000 demandes \u00e0 caract\u00e8re personnel par an, jusqu\u2019\u00e0 500 par semaine, en provenance du monde entier et r\u00e9dig\u00e9es dans les langues les plus diverses, il faut donc \u00eatre patient.<br>La r\u00e9ponse arrive le 25 ao\u00fbt avec un fichier de 52 pages contenant des listes de d\u00e9tenus et des documents comme cette carte personnelle de prisonnier.<br>Beaucoup de documents en allemand, donc difficiles \u00e0 d\u00e9chiffrer avec mes connaissances tr\u00e8s limit\u00e9es dans cette langue, heureusement qu\u2019il y a des sites de traduction sur internet !<\/p>\n\n\n\n<div class=\"wp-block-image\"><figure class=\"aligncenter size-large is-resized\"><img loading=\"lazy\" decoding=\"async\" src=\"https:\/\/www.agv44.org\/site\/wp-content\/uploads\/2021\/04\/carte-1024x716.jpg\" alt=\"\" class=\"wp-image-4782\" width=\"437\" height=\"305\" srcset=\"https:\/\/www.agv44.org\/site\/wp-content\/uploads\/2021\/04\/carte-1024x716.jpg 1024w, https:\/\/www.agv44.org\/site\/wp-content\/uploads\/2021\/04\/carte-300x210.jpg 300w, https:\/\/www.agv44.org\/site\/wp-content\/uploads\/2021\/04\/carte-768x537.jpg 768w, https:\/\/www.agv44.org\/site\/wp-content\/uploads\/2021\/04\/carte-676x472.jpg 676w, https:\/\/www.agv44.org\/site\/wp-content\/uploads\/2021\/04\/carte.jpg 1348w\" sizes=\"auto, (max-width: 437px) 100vw, 437px\" \/><\/figure><\/div>\n\n\n\n<p>Il parlait tr\u00e8s peu de cette p\u00e9riode et nous n\u2019avions pas beaucoup d\u2019informations, cette recherche nous a permis de d\u00e9couvrir cette partie de sa vie, de comprendre tout ce qu\u2019il avait accompli, subi et combien cela devait lui \u00eatre difficile d\u2019en parler.<\/p>\n\n\n\n<div class=\"wp-block-image\"><figure class=\"aligncenter size-large is-resized\"><img loading=\"lazy\" decoding=\"async\" src=\"https:\/\/www.agv44.org\/site\/wp-content\/uploads\/2021\/04\/certificat-806x1024.jpg\" alt=\"\" class=\"wp-image-4789\" width=\"512\" height=\"649\" srcset=\"https:\/\/www.agv44.org\/site\/wp-content\/uploads\/2021\/04\/certificat-806x1024.jpg 806w, https:\/\/www.agv44.org\/site\/wp-content\/uploads\/2021\/04\/certificat-236x300.jpg 236w, https:\/\/www.agv44.org\/site\/wp-content\/uploads\/2021\/04\/certificat-768x975.jpg 768w, https:\/\/www.agv44.org\/site\/wp-content\/uploads\/2021\/04\/certificat-676x858.jpg 676w, https:\/\/www.agv44.org\/site\/wp-content\/uploads\/2021\/04\/certificat.jpg 1179w\" sizes=\"auto, (max-width: 512px) 100vw, 512px\" \/><\/figure><\/div>\n\n\n\n<div class=\"wp-block-image\"><figure class=\"alignright size-large is-resized\"><img loading=\"lazy\" decoding=\"async\" src=\"https:\/\/www.agv44.org\/site\/wp-content\/uploads\/2021\/04\/plaque.jpg\" alt=\"\" class=\"wp-image-4783\" width=\"309\" height=\"184\" srcset=\"https:\/\/www.agv44.org\/site\/wp-content\/uploads\/2021\/04\/plaque.jpg 426w, https:\/\/www.agv44.org\/site\/wp-content\/uploads\/2021\/04\/plaque-300x178.jpg 300w\" sizes=\"auto, (max-width: 309px) 100vw, 309px\" \/><\/figure><\/div>\n\n\n\n<p>Selon son souhait, Il a \u00e9t\u00e9 inhum\u00e9 au cimeti\u00e8re de la Chauvini\u00e8re, \u00e0 Nantes, avec les victimes de la Seconde Guerre Mondiale.<br>Dans le cimeti\u00e8re, un monument constitu\u00e9 d&rsquo;un bloc de granit dans lequel a \u00e9t\u00e9 scell\u00e9 un peu de terre prise \u00e0 Buchenwald est inaugur\u00e9 en 1950.<\/p>\n\n\n\n<p>Monique.<\/p>\n\n\n\n<hr class=\"wp-block-separator\"\/>\n\n\n\n<p><\/p>\n\n\n\n<p><em>Arolsen Archives : https:\/\/arolsen-archives.org\/fr\/<\/em><\/p>\n\n\n\n<p><em>Service Historique de la D\u00e9fense : http:\/\/www.servicehistorique.sga.defense.gouv.fr\/<\/em><\/p>\n\n\n\n<p><em>Comit\u00e9 d\u00e9partemental du souvenir des Fusill\u00e9s de Ch\u00e2teaubriant et Nantes et de la r\u00e9sistance en Loire-Inf\u00e9rieure : https:\/\/resistance-44.fr\/<\/em><\/p>\n","protected":false},"excerpt":{"rendered":"<p>Parcours d&rsquo;un r\u00e9sistant d\u00e9port\u00e9 En janvier 2020, j\u2019ai vu un reportage dans lequel une femme expliquait avoir re\u00e7u le portefeuille de son grand-p\u00e8re, d\u00e9port\u00e9 en Allemagne pendant la guerre 39-45. Elle \u00e9tait tr\u00e8s \u00e9mue de retrouver dans ce portefeuille des photos anciennes et des documents qu\u2019elle ne connaissait pas.Le portefeuille provenait d\u2019Arolsen Archives, un centre [&hellip;]<\/p>\n","protected":false},"author":86,"featured_media":0,"parent":0,"menu_order":0,"comment_status":"closed","ping_status":"closed","template":"","meta":{"footnotes":""},"class_list":["post-4776","page","type-page","status-publish","hentry","post-preview"],"yoast_head":"<!-- This site is optimized with the Yoast SEO plugin v24.4 - https:\/\/yoast.com\/wordpress\/plugins\/seo\/ -->\n<title>monique le plat<\/title>\n<meta name=\"description\" content=\"Parcours d&#039;un r\u00e9sistant d\u00e9port\u00e9 En janvier 2020, j\u2019ai vu un reportage dans lequel une femme expliquait avoir re\u00e7u le portefeuille de son grand-p\u00e8re,\" \/>\n<meta name=\"robots\" content=\"index, follow, max-snippet:-1, max-image-preview:large, max-video-preview:-1\" \/>\n<link rel=\"canonical\" href=\"https:\/\/www.agv44.org\/site\/monique-le-plat\/\" \/>\n<meta property=\"og:locale\" content=\"fr_FR\" \/>\n<meta property=\"og:type\" content=\"article\" \/>\n<meta property=\"og:title\" content=\"monique le plat\" \/>\n<meta property=\"og:description\" content=\"Parcours d&#039;un r\u00e9sistant d\u00e9port\u00e9 En janvier 2020, j\u2019ai vu un reportage dans lequel une femme expliquait avoir re\u00e7u le portefeuille de son grand-p\u00e8re,\" \/>\n<meta property=\"og:url\" content=\"https:\/\/www.agv44.org\/site\/monique-le-plat\/\" \/>\n<meta property=\"article:modified_time\" content=\"2021-04-28T10:33:36+00:00\" \/>\n<meta property=\"og:image\" content=\"https:\/\/www.agv44.org\/site\/wp-content\/uploads\/2021\/04\/portrait.jpg\" \/>\n<meta name=\"twitter:card\" content=\"summary_large_image\" \/>\n<meta name=\"twitter:label1\" content=\"Dur\u00e9e de lecture estim\u00e9e\" \/>\n\t<meta name=\"twitter:data1\" content=\"4 minutes\" \/>\n<script type=\"application\/ld+json\" class=\"yoast-schema-graph\">{\"@context\":\"https:\/\/schema.org\",\"@graph\":[{\"@type\":\"WebPage\",\"@id\":\"https:\/\/www.agv44.org\/site\/monique-le-plat\/\",\"url\":\"https:\/\/www.agv44.org\/site\/monique-le-plat\/\",\"name\":\"monique le plat\",\"isPartOf\":{\"@id\":\"https:\/\/www.agv44.org\/site\/#website\"},\"primaryImageOfPage\":{\"@id\":\"https:\/\/www.agv44.org\/site\/monique-le-plat\/#primaryimage\"},\"image\":{\"@id\":\"https:\/\/www.agv44.org\/site\/monique-le-plat\/#primaryimage\"},\"thumbnailUrl\":\"https:\/\/www.agv44.org\/site\/wp-content\/uploads\/2021\/04\/portrait.jpg\",\"datePublished\":\"2021-04-05T12:49:12+00:00\",\"dateModified\":\"2021-04-28T10:33:36+00:00\",\"description\":\"Parcours d'un r\u00e9sistant d\u00e9port\u00e9 En janvier 2020, j\u2019ai vu un reportage dans lequel une femme expliquait avoir re\u00e7u le portefeuille de son grand-p\u00e8re,\",\"breadcrumb\":{\"@id\":\"https:\/\/www.agv44.org\/site\/monique-le-plat\/#breadcrumb\"},\"inLanguage\":\"fr-FR\",\"potentialAction\":[{\"@type\":\"ReadAction\",\"target\":[\"https:\/\/www.agv44.org\/site\/monique-le-plat\/\"]}]},{\"@type\":\"ImageObject\",\"inLanguage\":\"fr-FR\",\"@id\":\"https:\/\/www.agv44.org\/site\/monique-le-plat\/#primaryimage\",\"url\":\"https:\/\/www.agv44.org\/site\/wp-content\/uploads\/2021\/04\/portrait.jpg\",\"contentUrl\":\"https:\/\/www.agv44.org\/site\/wp-content\/uploads\/2021\/04\/portrait.jpg\",\"width\":449,\"height\":489},{\"@type\":\"BreadcrumbList\",\"@id\":\"https:\/\/www.agv44.org\/site\/monique-le-plat\/#breadcrumb\",\"itemListElement\":[{\"@type\":\"ListItem\",\"position\":1,\"name\":\"Accueil\",\"item\":\"https:\/\/www.agv44.org\/site\/\"},{\"@type\":\"ListItem\",\"position\":2,\"name\":\"monique le plat\"}]},{\"@type\":\"WebSite\",\"@id\":\"https:\/\/www.agv44.org\/site\/#website\",\"url\":\"https:\/\/www.agv44.org\/site\/\",\"name\":\"\",\"description\":\"\",\"publisher\":{\"@id\":\"https:\/\/www.agv44.org\/site\/#organization\"},\"potentialAction\":[{\"@type\":\"SearchAction\",\"target\":{\"@type\":\"EntryPoint\",\"urlTemplate\":\"https:\/\/www.agv44.org\/site\/?s={search_term_string}\"},\"query-input\":{\"@type\":\"PropertyValueSpecification\",\"valueRequired\":true,\"valueName\":\"search_term_string\"}}],\"inLanguage\":\"fr-FR\"},{\"@type\":\"Organization\",\"@id\":\"https:\/\/www.agv44.org\/site\/#organization\",\"name\":\"Association G\u00e9n\u00e9alogique Vertavienne\",\"url\":\"https:\/\/www.agv44.org\/site\/\",\"logo\":{\"@type\":\"ImageObject\",\"inLanguage\":\"fr-FR\",\"@id\":\"https:\/\/www.agv44.org\/site\/#\/schema\/logo\/image\/\",\"url\":\"https:\/\/www.agv44.org\/site\/wp-content\/uploads\/2020\/04\/logoagv300.png\",\"contentUrl\":\"https:\/\/www.agv44.org\/site\/wp-content\/uploads\/2020\/04\/logoagv300.png\",\"width\":300,\"height\":271,\"caption\":\"Association G\u00e9n\u00e9alogique Vertavienne\"},\"image\":{\"@id\":\"https:\/\/www.agv44.org\/site\/#\/schema\/logo\/image\/\"}}]}<\/script>\n<!-- \/ Yoast SEO plugin. -->","yoast_head_json":{"title":"monique le plat","description":"Parcours d'un r\u00e9sistant d\u00e9port\u00e9 En janvier 2020, j\u2019ai vu un reportage dans lequel une femme expliquait avoir re\u00e7u le portefeuille de son grand-p\u00e8re,","robots":{"index":"index","follow":"follow","max-snippet":"max-snippet:-1","max-image-preview":"max-image-preview:large","max-video-preview":"max-video-preview:-1"},"canonical":"https:\/\/www.agv44.org\/site\/monique-le-plat\/","og_locale":"fr_FR","og_type":"article","og_title":"monique le plat","og_description":"Parcours d'un r\u00e9sistant d\u00e9port\u00e9 En janvier 2020, j\u2019ai vu un reportage dans lequel une femme expliquait avoir re\u00e7u le portefeuille de son grand-p\u00e8re,","og_url":"https:\/\/www.agv44.org\/site\/monique-le-plat\/","article_modified_time":"2021-04-28T10:33:36+00:00","og_image":[{"url":"https:\/\/www.agv44.org\/site\/wp-content\/uploads\/2021\/04\/portrait.jpg","type":"","width":"","height":""}],"twitter_card":"summary_large_image","twitter_misc":{"Dur\u00e9e de lecture estim\u00e9e":"4 minutes"},"schema":{"@context":"https:\/\/schema.org","@graph":[{"@type":"WebPage","@id":"https:\/\/www.agv44.org\/site\/monique-le-plat\/","url":"https:\/\/www.agv44.org\/site\/monique-le-plat\/","name":"monique le plat","isPartOf":{"@id":"https:\/\/www.agv44.org\/site\/#website"},"primaryImageOfPage":{"@id":"https:\/\/www.agv44.org\/site\/monique-le-plat\/#primaryimage"},"image":{"@id":"https:\/\/www.agv44.org\/site\/monique-le-plat\/#primaryimage"},"thumbnailUrl":"https:\/\/www.agv44.org\/site\/wp-content\/uploads\/2021\/04\/portrait.jpg","datePublished":"2021-04-05T12:49:12+00:00","dateModified":"2021-04-28T10:33:36+00:00","description":"Parcours d'un r\u00e9sistant d\u00e9port\u00e9 En janvier 2020, j\u2019ai vu un reportage dans lequel une femme expliquait avoir re\u00e7u le portefeuille de son grand-p\u00e8re,","breadcrumb":{"@id":"https:\/\/www.agv44.org\/site\/monique-le-plat\/#breadcrumb"},"inLanguage":"fr-FR","potentialAction":[{"@type":"ReadAction","target":["https:\/\/www.agv44.org\/site\/monique-le-plat\/"]}]},{"@type":"ImageObject","inLanguage":"fr-FR","@id":"https:\/\/www.agv44.org\/site\/monique-le-plat\/#primaryimage","url":"https:\/\/www.agv44.org\/site\/wp-content\/uploads\/2021\/04\/portrait.jpg","contentUrl":"https:\/\/www.agv44.org\/site\/wp-content\/uploads\/2021\/04\/portrait.jpg","width":449,"height":489},{"@type":"BreadcrumbList","@id":"https:\/\/www.agv44.org\/site\/monique-le-plat\/#breadcrumb","itemListElement":[{"@type":"ListItem","position":1,"name":"Accueil","item":"https:\/\/www.agv44.org\/site\/"},{"@type":"ListItem","position":2,"name":"monique le plat"}]},{"@type":"WebSite","@id":"https:\/\/www.agv44.org\/site\/#website","url":"https:\/\/www.agv44.org\/site\/","name":"","description":"","publisher":{"@id":"https:\/\/www.agv44.org\/site\/#organization"},"potentialAction":[{"@type":"SearchAction","target":{"@type":"EntryPoint","urlTemplate":"https:\/\/www.agv44.org\/site\/?s={search_term_string}"},"query-input":{"@type":"PropertyValueSpecification","valueRequired":true,"valueName":"search_term_string"}}],"inLanguage":"fr-FR"},{"@type":"Organization","@id":"https:\/\/www.agv44.org\/site\/#organization","name":"Association G\u00e9n\u00e9alogique Vertavienne","url":"https:\/\/www.agv44.org\/site\/","logo":{"@type":"ImageObject","inLanguage":"fr-FR","@id":"https:\/\/www.agv44.org\/site\/#\/schema\/logo\/image\/","url":"https:\/\/www.agv44.org\/site\/wp-content\/uploads\/2020\/04\/logoagv300.png","contentUrl":"https:\/\/www.agv44.org\/site\/wp-content\/uploads\/2020\/04\/logoagv300.png","width":300,"height":271,"caption":"Association G\u00e9n\u00e9alogique Vertavienne"},"image":{"@id":"https:\/\/www.agv44.org\/site\/#\/schema\/logo\/image\/"}}]}},"_links":{"self":[{"href":"https:\/\/www.agv44.org\/site\/wp-json\/wp\/v2\/pages\/4776","targetHints":{"allow":["GET"]}}],"collection":[{"href":"https:\/\/www.agv44.org\/site\/wp-json\/wp\/v2\/pages"}],"about":[{"href":"https:\/\/www.agv44.org\/site\/wp-json\/wp\/v2\/types\/page"}],"author":[{"embeddable":true,"href":"https:\/\/www.agv44.org\/site\/wp-json\/wp\/v2\/users\/86"}],"replies":[{"embeddable":true,"href":"https:\/\/www.agv44.org\/site\/wp-json\/wp\/v2\/comments?post=4776"}],"version-history":[{"count":9,"href":"https:\/\/www.agv44.org\/site\/wp-json\/wp\/v2\/pages\/4776\/revisions"}],"predecessor-version":[{"id":4823,"href":"https:\/\/www.agv44.org\/site\/wp-json\/wp\/v2\/pages\/4776\/revisions\/4823"}],"wp:attachment":[{"href":"https:\/\/www.agv44.org\/site\/wp-json\/wp\/v2\/media?parent=4776"}],"curies":[{"name":"wp","href":"https:\/\/api.w.org\/{rel}","templated":true}]}}