{"id":4157,"date":"2020-09-25T17:22:21","date_gmt":"2020-09-25T15:22:21","guid":{"rendered":"https:\/\/www.agv44.org\/site\/?page_id=4157"},"modified":"2025-11-11T11:52:23","modified_gmt":"2025-11-11T10:52:23","slug":"presentation-2","status":"publish","type":"page","link":"https:\/\/www.agv44.org\/site\/presentation-2\/","title":{"rendered":"pr\u00e9sentation 2"},"content":{"rendered":"\n<div style=\"height:28px\" aria-hidden=\"true\" class=\"wp-block-spacer\"><\/div>\n\n\n<div class=\"wp-block-image\">\n<figure class=\"aligncenter size-large is-resized\"><img loading=\"lazy\" decoding=\"async\" width=\"1024\" height=\"196\" src=\"https:\/\/www.agv44.org\/site\/wp-content\/uploads\/2020\/09\/associationgenealogiquevertavienne-1024x196.png\" alt=\"\" class=\"wp-image-4158\" style=\"width:710px;height:137px\" srcset=\"https:\/\/www.agv44.org\/site\/wp-content\/uploads\/2020\/09\/associationgenealogiquevertavienne-1024x196.png 1024w, https:\/\/www.agv44.org\/site\/wp-content\/uploads\/2020\/09\/associationgenealogiquevertavienne-300x57.png 300w, https:\/\/www.agv44.org\/site\/wp-content\/uploads\/2020\/09\/associationgenealogiquevertavienne-768x147.png 768w, https:\/\/www.agv44.org\/site\/wp-content\/uploads\/2020\/09\/associationgenealogiquevertavienne-1536x294.png 1536w, https:\/\/www.agv44.org\/site\/wp-content\/uploads\/2020\/09\/associationgenealogiquevertavienne-2048x392.png 2048w, https:\/\/www.agv44.org\/site\/wp-content\/uploads\/2020\/09\/associationgenealogiquevertavienne-676x130.png 676w\" sizes=\"auto, (max-width: 1024px) 100vw, 1024px\" \/><\/figure><\/div>\n\n\n<hr class=\"wp-block-separator has-css-opacity\"\/>\n\n\n\n<div class=\"wp-block-columns is-layout-flex wp-container-core-columns-is-layout-1 wp-block-columns-is-layout-flex\">\n<div class=\"wp-block-column is-layout-flow wp-block-column-is-layout-flow\">\n<p class=\"has-text-align-center has-text-color\" style=\"color:#2600a3\"><a href=\"https:\/\/www.agv44.org\/site\/statuts-de-la-g-v\/\">Les Statuts<\/a><\/p>\n<\/div>\n\n\n\n<div class=\"wp-block-column is-layout-flow wp-block-column-is-layout-flow\">\n<p class=\"has-text-align-center has-text-color\" style=\"color:#0001a3\"><a href=\"https:\/\/www.agv44.org\/site\/460-2\/\">Le r\u00e8glement int\u00e9rieur<\/a><\/p>\n<\/div>\n<\/div>\n\n\n\n<hr class=\"wp-block-separator has-css-opacity\"\/>\n\n\n\n<p class=\"has-text-align-center\"><\/p>\n\n\n\n<p>Depuis 1985, l&rsquo;Association G\u00e9n\u00e9alogique Vertavienne accompagne ceux qui d\u00e9sirent se lancer dans la recherche de leur g\u00e9n\u00e9alogie ou ceux qui, d\u00e9j\u00e0 passionn\u00e9s, veulent aller plus loin.<\/p>\n\n\n\n<p>Quelles sont les aides que nous pouvons apporter ?<\/p>\n\n\n\n<p>La premi\u00e8re d&rsquo;entre elles me semble la collaboration entre adh\u00e9rents autour par exemple d&rsquo;un document difficile \u00e0 d\u00e9chiffrer (pal\u00e9ographie), ou les \u00e9changes de pistes de recherche dont les plus exp\u00e9riment\u00e9s peuvent faire part aux n\u00e9ophytes.<\/p>\n\n\n\n<p>Ce peut \u00eatre aussi l&rsquo;aide dans l&rsquo;apprentissage des logiciels utiles aux recherches et \u00e0 la mise en forme des donn\u00e9es g\u00e9n\u00e9alogiques.<\/p>\n\n\n\n<p>Ces aides se font le plus souvent au cours des permanences que l&rsquo;association a mises en place.<\/p>\n\n\n\n<p>L&rsquo;AGV a de plus mis en place des bases de donn\u00e9es, plus de 6100 000 actes \u00e0 ce jour, \u00e0 la disposition de nos adh\u00e9rents.<\/p>\n\n\n\n<p>Ces bases sont le fruit de l&rsquo;activit\u00e9 des adh\u00e9rents qui sont all\u00e9s glaner dans les archives des communes environnantes les informations partag\u00e9es d\u00e9sormais avec vous.<\/p>\n\n\n\n<p>Certaines de ces donn\u00e9es sont vers\u00e9es dans des bases nationales donnant un droit d&rsquo;acc\u00e8s \u00e0 nos adh\u00e9rents ce qui ouvre donc largement les possibilit\u00e9s de recherche.<\/p>\n\n\n\n<div class=\"wp-block-group is-nowrap is-layout-flex wp-container-core-group-is-layout-2 wp-block-group-is-layout-flex\">\n<div class=\"wp-block-group is-vertical is-layout-flex wp-container-core-group-is-layout-1 wp-block-group-is-layout-flex\">\n<p>Si on ajoute \u00e0 cela une biblioth\u00e8que de plus de 1000 ouvrages, une phototh\u00e8que de plus de 6000 photographies anciennes et une cartoth\u00e8que de plus de 20000 cartes postales, on voit qu&rsquo;en plus de trente ans l&rsquo;AGV a construit un bel outil de travail.<\/p>\n\n\n\n<p>De plus l&rsquo;Association diversifie son activit\u00e9 en participant \u00e0 des rencontres g\u00e9n\u00e9alogiques dans toute la France, en montant des expositions de photos et en organisant tous les deux ans une rencontre nationale de g\u00e9n\u00e9alogie, \u00ab\u00a0Ciel ! Nos Ayeux\u00a0\u00bb, qui re\u00e7oit plus de mille visiteurs.<\/p>\n\n\n\n<p>C&rsquo;est \u00e0 partager tout cela que nous vous invitons. <\/p>\n\n\n\n<p>JYG<\/p>\n<\/div>\n<\/div>\n\n\n\n<p class=\"has-text-align-center\">Le Conseil d&rsquo;administration<\/p>\n\n\n<div class=\"wp-block-image\">\n<figure class=\"aligncenter size-large is-resized\"><img loading=\"lazy\" decoding=\"async\" width=\"798\" height=\"1024\" src=\"https:\/\/www.agv44.org\/site\/wp-content\/uploads\/2022\/06\/JYG02-798x1024.jpg\" alt=\"\" class=\"wp-image-5394\" style=\"aspect-ratio:0.7933884297520661;object-fit:cover;width:140px;height:auto\" srcset=\"https:\/\/www.agv44.org\/site\/wp-content\/uploads\/2022\/06\/JYG02-798x1024.jpg 798w, https:\/\/www.agv44.org\/site\/wp-content\/uploads\/2022\/06\/JYG02-234x300.jpg 234w, https:\/\/www.agv44.org\/site\/wp-content\/uploads\/2022\/06\/JYG02-768x986.jpg 768w, https:\/\/www.agv44.org\/site\/wp-content\/uploads\/2022\/06\/JYG02-1196x1536.jpg 1196w, https:\/\/www.agv44.org\/site\/wp-content\/uploads\/2022\/06\/JYG02-1595x2048.jpg 1595w, https:\/\/www.agv44.org\/site\/wp-content\/uploads\/2022\/06\/JYG02-676x868.jpg 676w, https:\/\/www.agv44.org\/site\/wp-content\/uploads\/2022\/06\/JYG02.jpg 1944w\" sizes=\"auto, (max-width: 798px) 100vw, 798px\" \/><figcaption class=\"wp-element-caption\">J-Yves Gr\u00e9goire Pr\u00e9sident et membre du groupe-photos  <\/figcaption><\/figure><\/div>\n\n\n<div class=\"wp-block-columns is-layout-flex wp-container-core-columns-is-layout-2 wp-block-columns-is-layout-flex\">\n<div class=\"wp-block-column is-layout-flow wp-block-column-is-layout-flow\"><div class=\"wp-block-image\">\n<figure class=\"aligncenter size-large is-resized\"><img loading=\"lazy\" decoding=\"async\" width=\"315\" height=\"369\" src=\"https:\/\/www.agv44.org\/site\/wp-content\/uploads\/2021\/11\/JM.jpg\" alt=\"\" class=\"wp-image-5085\" style=\"aspect-ratio:0.7692307692307693;object-fit:cover;width:137px;height:auto\" srcset=\"https:\/\/www.agv44.org\/site\/wp-content\/uploads\/2021\/11\/JM.jpg 315w, https:\/\/www.agv44.org\/site\/wp-content\/uploads\/2021\/11\/JM-256x300.jpg 256w\" sizes=\"auto, (max-width: 315px) 100vw, 315px\" \/><figcaption class=\"wp-element-caption\">Jo\u00ebl Mainguy, Vice-Pr\u00e9sident et coordinateur de la Biennale<\/figcaption><\/figure><\/div><\/div>\n\n\n\n<div class=\"wp-block-column is-layout-flow wp-block-column-is-layout-flow\"><div class=\"wp-block-image\">\n<figure class=\"aligncenter size-large is-resized\"><img loading=\"lazy\" decoding=\"async\" width=\"315\" height=\"369\" src=\"https:\/\/www.agv44.org\/site\/wp-content\/uploads\/2020\/02\/GH.jpg\" alt=\"\" class=\"wp-image-2010\" style=\"aspect-ratio:0.7725321888412017;object-fit:cover;width:140px;height:auto\" srcset=\"https:\/\/www.agv44.org\/site\/wp-content\/uploads\/2020\/02\/GH.jpg 315w, https:\/\/www.agv44.org\/site\/wp-content\/uploads\/2020\/02\/GH-256x300.jpg 256w\" sizes=\"auto, (max-width: 315px) 100vw, 315px\" \/><figcaption class=\"wp-element-caption\"> Gilles Heurtin, Vice-pr\u00e9sident, responsable des bases<\/figcaption><\/figure><\/div><\/div>\n<\/div>\n\n\n\n<div class=\"wp-block-columns is-layout-flex wp-container-core-columns-is-layout-3 wp-block-columns-is-layout-flex\">\n<div class=\"wp-block-column is-layout-flow wp-block-column-is-layout-flow\"><div class=\"wp-block-image\">\n<figure class=\"aligncenter size-large is-resized\"><img loading=\"lazy\" decoding=\"async\" width=\"315\" height=\"369\" src=\"https:\/\/www.agv44.org\/site\/wp-content\/uploads\/2020\/03\/MT.jpg\" alt=\"\" class=\"wp-image-2265\" style=\"width:140px\" srcset=\"https:\/\/www.agv44.org\/site\/wp-content\/uploads\/2020\/03\/MT.jpg 315w, https:\/\/www.agv44.org\/site\/wp-content\/uploads\/2020\/03\/MT-256x300.jpg 256w\" sizes=\"auto, (max-width: 315px) 100vw, 315px\" \/><figcaption class=\"wp-element-caption\">Mich\u00e8le Thibaudeau Secr\u00e9taire<\/figcaption><\/figure><\/div>\n\n\n<p><\/p>\n<\/div>\n\n\n\n<div class=\"wp-block-column is-layout-flow wp-block-column-is-layout-flow\"><div class=\"wp-block-image\">\n<figure class=\"aligncenter size-large is-resized\"><img loading=\"lazy\" decoding=\"async\" width=\"315\" height=\"369\" src=\"https:\/\/www.agv44.org\/site\/wp-content\/uploads\/2020\/04\/FH.jpg\" alt=\"\" class=\"wp-image-3541\" style=\"width:140px\" srcset=\"https:\/\/www.agv44.org\/site\/wp-content\/uploads\/2020\/04\/FH.jpg 315w, https:\/\/www.agv44.org\/site\/wp-content\/uploads\/2020\/04\/FH-256x300.jpg 256w\" sizes=\"auto, (max-width: 315px) 100vw, 315px\" \/><figcaption class=\"wp-element-caption\">Fabienne Hurteloup Tr\u00e9sori\u00e8re<\/figcaption><\/figure><\/div>\n\n\n<p class=\"has-text-align-center\"><\/p>\n<\/div>\n<\/div>\n\n\n\n<div class=\"wp-block-columns is-layout-flex wp-container-core-columns-is-layout-4 wp-block-columns-is-layout-flex\">\n<div class=\"wp-block-column is-layout-flow wp-block-column-is-layout-flow\"><div class=\"wp-block-image\">\n<figure class=\"aligncenter size-large is-resized\"><img loading=\"lazy\" decoding=\"async\" width=\"315\" height=\"369\" src=\"https:\/\/www.agv44.org\/site\/wp-content\/uploads\/2020\/03\/JYD-1.jpg\" alt=\"\" class=\"wp-image-2350\" style=\"width:140px\" srcset=\"https:\/\/www.agv44.org\/site\/wp-content\/uploads\/2020\/03\/JYD-1.jpg 315w, https:\/\/www.agv44.org\/site\/wp-content\/uploads\/2020\/03\/JYD-1-256x300.jpg 256w\" sizes=\"auto, (max-width: 315px) 100vw, 315px\" \/><figcaption class=\"wp-element-caption\">J-Yves Dor\u00e9, <br>documentaliste<\/figcaption><\/figure><\/div><\/div>\n\n\n\n<div class=\"wp-block-column is-layout-flow wp-block-column-is-layout-flow\"><div class=\"wp-block-image\">\n<figure class=\"aligncenter size-large is-resized\"><img loading=\"lazy\" decoding=\"async\" width=\"315\" height=\"369\" src=\"https:\/\/www.agv44.org\/site\/wp-content\/uploads\/2020\/03\/BR.jpg\" alt=\"\" class=\"wp-image-2351\" style=\"width:140px;height:auto\" srcset=\"https:\/\/www.agv44.org\/site\/wp-content\/uploads\/2020\/03\/BR.jpg 315w, https:\/\/www.agv44.org\/site\/wp-content\/uploads\/2020\/03\/BR-256x300.jpg 256w\" sizes=\"auto, (max-width: 315px) 100vw, 315px\" \/><figcaption class=\"wp-element-caption\">Bernard Racineux,  documentaliste <\/figcaption><\/figure><\/div><\/div>\n<\/div>\n\n\n\n<div class=\"wp-block-columns is-layout-flex wp-container-core-columns-is-layout-5 wp-block-columns-is-layout-flex\">\n<div class=\"wp-block-column is-layout-flow wp-block-column-is-layout-flow\"><div class=\"wp-block-image\">\n<figure class=\"aligncenter size-large is-resized\"><img loading=\"lazy\" decoding=\"async\" width=\"315\" height=\"369\" src=\"https:\/\/www.agv44.org\/site\/wp-content\/uploads\/2020\/02\/GD-3.jpg\" alt=\"\" class=\"wp-image-2141\" style=\"width:140px\" srcset=\"https:\/\/www.agv44.org\/site\/wp-content\/uploads\/2020\/02\/GD-3.jpg 315w, https:\/\/www.agv44.org\/site\/wp-content\/uploads\/2020\/02\/GD-3-256x300.jpg 256w\" sizes=\"auto, (max-width: 315px) 100vw, 315px\" \/><figcaption class=\"wp-element-caption\">Genevi\u00e8ve Demy secr\u00e9taire-adjointe<\/figcaption><\/figure><\/div><\/div>\n\n\n\n<div class=\"wp-block-column is-layout-flow wp-block-column-is-layout-flow\"><div class=\"wp-block-image\">\n<figure class=\"aligncenter size-large is-resized\"><img loading=\"lazy\" decoding=\"async\" width=\"315\" height=\"369\" src=\"https:\/\/www.agv44.org\/site\/wp-content\/uploads\/2020\/02\/JL-3.jpg\" alt=\"\" class=\"wp-image-2140\" style=\"width:140px\" srcset=\"https:\/\/www.agv44.org\/site\/wp-content\/uploads\/2020\/02\/JL-3.jpg 315w, https:\/\/www.agv44.org\/site\/wp-content\/uploads\/2020\/02\/JL-3-256x300.jpg 256w\" sizes=\"auto, (max-width: 315px) 100vw, 315px\" \/><figcaption class=\"wp-element-caption\">Jeanine Leroy<\/figcaption><\/figure><\/div><\/div>\n\n\n\n<div class=\"wp-block-column is-layout-flow wp-block-column-is-layout-flow\"><div class=\"wp-block-image\">\n<figure class=\"aligncenter size-large is-resized\"><img loading=\"lazy\" decoding=\"async\" width=\"315\" height=\"369\" src=\"https:\/\/www.agv44.org\/site\/wp-content\/uploads\/2020\/03\/AC-1.jpg\" alt=\"\" class=\"wp-image-3015\" style=\"width:140px\" srcset=\"https:\/\/www.agv44.org\/site\/wp-content\/uploads\/2020\/03\/AC-1.jpg 315w, https:\/\/www.agv44.org\/site\/wp-content\/uploads\/2020\/03\/AC-1-256x300.jpg 256w\" sizes=\"auto, (max-width: 315px) 100vw, 315px\" \/><figcaption class=\"wp-element-caption\">Anne-No\u00eblle Courbet<\/figcaption><\/figure><\/div><\/div>\n<\/div>\n\n\n\n<div class=\"wp-block-columns is-layout-flex wp-container-core-columns-is-layout-6 wp-block-columns-is-layout-flex\">\n<div class=\"wp-block-column is-layout-flow wp-block-column-is-layout-flow\"><div class=\"wp-block-image\">\n<figure class=\"aligncenter size-large is-resized\"><img loading=\"lazy\" decoding=\"async\" width=\"315\" height=\"369\" src=\"https:\/\/www.agv44.org\/site\/wp-content\/uploads\/2020\/02\/FB-1.jpg\" alt=\"\" class=\"wp-image-2082\" style=\"width:140px\" srcset=\"https:\/\/www.agv44.org\/site\/wp-content\/uploads\/2020\/02\/FB-1.jpg 315w, https:\/\/www.agv44.org\/site\/wp-content\/uploads\/2020\/02\/FB-1-256x300.jpg 256w\" sizes=\"auto, (max-width: 315px) 100vw, 315px\" \/><figcaption class=\"wp-element-caption\">Fran\u00e7oise Bahuaut<\/figcaption><\/figure><\/div><\/div>\n\n\n\n<div class=\"wp-block-column is-layout-flow wp-block-column-is-layout-flow\"><div class=\"wp-block-image\">\n<figure class=\"aligncenter size-large is-resized\"><img loading=\"lazy\" decoding=\"async\" width=\"307\" height=\"361\" src=\"https:\/\/www.agv44.org\/site\/wp-content\/uploads\/2021\/12\/Y-B.jpg\" alt=\"\" class=\"wp-image-5148\" style=\"width:140px\" srcset=\"https:\/\/www.agv44.org\/site\/wp-content\/uploads\/2021\/12\/Y-B.jpg 307w, https:\/\/www.agv44.org\/site\/wp-content\/uploads\/2021\/12\/Y-B-255x300.jpg 255w\" sizes=\"auto, (max-width: 307px) 100vw, 307px\" \/><figcaption class=\"wp-element-caption\">Yann Richard Brosseau<\/figcaption><\/figure><\/div><\/div>\n\n\n\n<div class=\"wp-block-column is-layout-flow wp-block-column-is-layout-flow\"><div class=\"wp-block-image\">\n<figure class=\"aligncenter size-full is-resized\"><img loading=\"lazy\" decoding=\"async\" width=\"307\" height=\"361\" src=\"https:\/\/www.agv44.org\/site\/wp-content\/uploads\/2025\/11\/Gabriel-Floranceau.png\" alt=\"\" class=\"wp-image-7662\" style=\"width:140px\" srcset=\"https:\/\/www.agv44.org\/site\/wp-content\/uploads\/2025\/11\/Gabriel-Floranceau.png 307w, https:\/\/www.agv44.org\/site\/wp-content\/uploads\/2025\/11\/Gabriel-Floranceau-255x300.png 255w\" sizes=\"auto, (max-width: 307px) 100vw, 307px\" \/><figcaption class=\"wp-element-caption\">Gabriel Floranceau<\/figcaption><\/figure><\/div><\/div>\n<\/div>\n\n\n\n<div class=\"wp-block-columns is-layout-flex wp-container-core-columns-is-layout-7 wp-block-columns-is-layout-flex\">\n<div class=\"wp-block-column is-layout-flow wp-block-column-is-layout-flow\"><div class=\"wp-block-image\">\n<figure class=\"aligncenter size-full is-resized\"><img loading=\"lazy\" decoding=\"async\" width=\"315\" height=\"369\" src=\"https:\/\/www.agv44.org\/site\/wp-content\/uploads\/2024\/12\/Patricia-goulpeau.jpg\" alt=\"\" class=\"wp-image-7042\" style=\"aspect-ratio:0.8834080717488789;object-fit:cover;width:140px\" srcset=\"https:\/\/www.agv44.org\/site\/wp-content\/uploads\/2024\/12\/Patricia-goulpeau.jpg 315w, https:\/\/www.agv44.org\/site\/wp-content\/uploads\/2024\/12\/Patricia-goulpeau-256x300.jpg 256w\" sizes=\"auto, (max-width: 315px) 100vw, 315px\" \/><figcaption class=\"wp-element-caption\">Patricia Goulpeau<\/figcaption><\/figure><\/div><\/div>\n\n\n\n<div class=\"wp-block-column is-layout-flow wp-block-column-is-layout-flow\"><div class=\"wp-block-image\">\n<figure class=\"aligncenter size-full is-resized\"><img loading=\"lazy\" decoding=\"async\" width=\"307\" height=\"361\" src=\"https:\/\/www.agv44.org\/site\/wp-content\/uploads\/2024\/12\/D-Forgeau.jpg\" alt=\"\" class=\"wp-image-7043\" style=\"aspect-ratio:0.7627118644067796;object-fit:cover;width:121px;height:auto\" srcset=\"https:\/\/www.agv44.org\/site\/wp-content\/uploads\/2024\/12\/D-Forgeau.jpg 307w, https:\/\/www.agv44.org\/site\/wp-content\/uploads\/2024\/12\/D-Forgeau-255x300.jpg 255w\" sizes=\"auto, (max-width: 307px) 100vw, 307px\" \/><figcaption class=\"wp-element-caption\">Damien Forgeau<\/figcaption><\/figure><\/div><\/div>\n\n\n\n<div class=\"wp-block-column is-layout-flow wp-block-column-is-layout-flow\"><div class=\"wp-block-image\">\n<figure class=\"aligncenter size-full is-resized\"><img loading=\"lazy\" decoding=\"async\" width=\"315\" height=\"369\" src=\"https:\/\/www.agv44.org\/site\/wp-content\/uploads\/2025\/01\/E-Blanchet.jpg\" alt=\"\" class=\"wp-image-7098\" style=\"width:140px\" srcset=\"https:\/\/www.agv44.org\/site\/wp-content\/uploads\/2025\/01\/E-Blanchet.jpg 315w, https:\/\/www.agv44.org\/site\/wp-content\/uploads\/2025\/01\/E-Blanchet-256x300.jpg 256w\" sizes=\"auto, (max-width: 315px) 100vw, 315px\" \/><figcaption class=\"wp-element-caption\">Elisabeth BLANCHET<\/figcaption><\/figure><\/div><\/div>\n<\/div>\n\n\n<div class=\"wp-block-image\">\n<figure class=\"aligncenter size-large is-resized\"><img loading=\"lazy\" decoding=\"async\" width=\"1024\" height=\"1024\" src=\"https:\/\/www.agv44.org\/site\/wp-content\/uploads\/2025\/11\/romuald-trevarin-1-1-1024x1024.png\" alt=\"\" class=\"wp-image-7664\" style=\"width:148px;height:auto\" srcset=\"https:\/\/www.agv44.org\/site\/wp-content\/uploads\/2025\/11\/romuald-trevarin-1-1-1024x1024.png 1024w, https:\/\/www.agv44.org\/site\/wp-content\/uploads\/2025\/11\/romuald-trevarin-1-1-300x300.png 300w, https:\/\/www.agv44.org\/site\/wp-content\/uploads\/2025\/11\/romuald-trevarin-1-1-150x150.png 150w, https:\/\/www.agv44.org\/site\/wp-content\/uploads\/2025\/11\/romuald-trevarin-1-1-768x768.png 768w, https:\/\/www.agv44.org\/site\/wp-content\/uploads\/2025\/11\/romuald-trevarin-1-1-676x676.png 676w, https:\/\/www.agv44.org\/site\/wp-content\/uploads\/2025\/11\/romuald-trevarin-1-1.png 1351w\" sizes=\"auto, (max-width: 1024px) 100vw, 1024px\" \/><figcaption class=\"wp-element-caption\">Romuald Tr\u00e9varin<\/figcaption><\/figure><\/div>\n\n<div class=\"wp-block-image\">\n<figure class=\"aligncenter size-large is-resized\"><img loading=\"lazy\" decoding=\"async\" width=\"300\" height=\"271\" src=\"https:\/\/www.agv44.org\/site\/wp-content\/uploads\/2020\/03\/logoagv300.png\" alt=\"\" class=\"wp-image-2921\" style=\"width:130px;height:117px\"\/><\/figure><\/div>\n\n\n<p><\/p>\n","protected":false},"excerpt":{"rendered":"<p>Les Statuts Le r\u00e8glement int\u00e9rieur Depuis 1985, l&rsquo;Association G\u00e9n\u00e9alogique Vertavienne accompagne ceux qui d\u00e9sirent se lancer dans la recherche de leur g\u00e9n\u00e9alogie ou ceux qui, d\u00e9j\u00e0 passionn\u00e9s, veulent aller plus loin. Quelles sont les aides que nous pouvons apporter ? La premi\u00e8re d&rsquo;entre elles me semble la collaboration entre adh\u00e9rents autour par exemple d&rsquo;un document [&hellip;]<\/p>\n","protected":false},"author":86,"featured_media":0,"parent":0,"menu_order":0,"comment_status":"closed","ping_status":"closed","template":"","meta":{"footnotes":""},"class_list":["post-4157","page","type-page","status-publish","hentry","post-preview"],"yoast_head":"<!-- This site is optimized with the Yoast SEO plugin v24.4 - https:\/\/yoast.com\/wordpress\/plugins\/seo\/ -->\n<title>pr\u00e9sentation 2<\/title>\n<meta name=\"description\" content=\"Les Statuts Le r\u00e8glement int\u00e9rieur Depuis 1985, l&#039;Association G\u00e9n\u00e9alogique Vertavienne accompagne ceux qui d\u00e9sirent se lancer dans la recherche de leur\" \/>\n<meta name=\"robots\" content=\"index, follow, max-snippet:-1, max-image-preview:large, max-video-preview:-1\" \/>\n<link rel=\"canonical\" href=\"https:\/\/www.agv44.org\/site\/presentation-2\/\" \/>\n<meta property=\"og:locale\" content=\"fr_FR\" \/>\n<meta property=\"og:type\" content=\"article\" \/>\n<meta property=\"og:title\" content=\"pr\u00e9sentation 2\" \/>\n<meta property=\"og:description\" content=\"Les Statuts Le r\u00e8glement int\u00e9rieur Depuis 1985, l&#039;Association G\u00e9n\u00e9alogique Vertavienne accompagne ceux qui d\u00e9sirent se lancer dans la recherche de leur\" \/>\n<meta property=\"og:url\" content=\"https:\/\/www.agv44.org\/site\/presentation-2\/\" \/>\n<meta property=\"article:modified_time\" content=\"2025-11-11T10:52:23+00:00\" \/>\n<meta property=\"og:image\" content=\"https:\/\/www.agv44.org\/site\/wp-content\/uploads\/2020\/09\/associationgenealogiquevertavienne.png\" \/>\n\t<meta property=\"og:image:width\" content=\"3680\" \/>\n\t<meta property=\"og:image:height\" content=\"705\" \/>\n\t<meta property=\"og:image:type\" content=\"image\/png\" \/>\n<meta name=\"twitter:card\" content=\"summary_large_image\" \/>\n<meta name=\"twitter:label1\" content=\"Dur\u00e9e de lecture estim\u00e9e\" \/>\n\t<meta name=\"twitter:data1\" content=\"6 minutes\" \/>\n<script type=\"application\/ld+json\" class=\"yoast-schema-graph\">{\"@context\":\"https:\/\/schema.org\",\"@graph\":[{\"@type\":\"WebPage\",\"@id\":\"https:\/\/www.agv44.org\/site\/presentation-2\/\",\"url\":\"https:\/\/www.agv44.org\/site\/presentation-2\/\",\"name\":\"pr\u00e9sentation 2\",\"isPartOf\":{\"@id\":\"https:\/\/www.agv44.org\/site\/#website\"},\"primaryImageOfPage\":{\"@id\":\"https:\/\/www.agv44.org\/site\/presentation-2\/#primaryimage\"},\"image\":{\"@id\":\"https:\/\/www.agv44.org\/site\/presentation-2\/#primaryimage\"},\"thumbnailUrl\":\"https:\/\/www.agv44.org\/site\/wp-content\/uploads\/2020\/09\/associationgenealogiquevertavienne-1024x196.png\",\"datePublished\":\"2020-09-25T15:22:21+00:00\",\"dateModified\":\"2025-11-11T10:52:23+00:00\",\"description\":\"Les Statuts Le r\u00e8glement int\u00e9rieur Depuis 1985, l'Association G\u00e9n\u00e9alogique Vertavienne accompagne ceux qui d\u00e9sirent se lancer dans la recherche de leur\",\"breadcrumb\":{\"@id\":\"https:\/\/www.agv44.org\/site\/presentation-2\/#breadcrumb\"},\"inLanguage\":\"fr-FR\",\"potentialAction\":[{\"@type\":\"ReadAction\",\"target\":[\"https:\/\/www.agv44.org\/site\/presentation-2\/\"]}]},{\"@type\":\"ImageObject\",\"inLanguage\":\"fr-FR\",\"@id\":\"https:\/\/www.agv44.org\/site\/presentation-2\/#primaryimage\",\"url\":\"https:\/\/www.agv44.org\/site\/wp-content\/uploads\/2020\/09\/associationgenealogiquevertavienne.png\",\"contentUrl\":\"https:\/\/www.agv44.org\/site\/wp-content\/uploads\/2020\/09\/associationgenealogiquevertavienne.png\",\"width\":3680,\"height\":705},{\"@type\":\"BreadcrumbList\",\"@id\":\"https:\/\/www.agv44.org\/site\/presentation-2\/#breadcrumb\",\"itemListElement\":[{\"@type\":\"ListItem\",\"position\":1,\"name\":\"Accueil\",\"item\":\"https:\/\/www.agv44.org\/site\/\"},{\"@type\":\"ListItem\",\"position\":2,\"name\":\"pr\u00e9sentation 2\"}]},{\"@type\":\"WebSite\",\"@id\":\"https:\/\/www.agv44.org\/site\/#website\",\"url\":\"https:\/\/www.agv44.org\/site\/\",\"name\":\"\",\"description\":\"\",\"publisher\":{\"@id\":\"https:\/\/www.agv44.org\/site\/#organization\"},\"potentialAction\":[{\"@type\":\"SearchAction\",\"target\":{\"@type\":\"EntryPoint\",\"urlTemplate\":\"https:\/\/www.agv44.org\/site\/?s={search_term_string}\"},\"query-input\":{\"@type\":\"PropertyValueSpecification\",\"valueRequired\":true,\"valueName\":\"search_term_string\"}}],\"inLanguage\":\"fr-FR\"},{\"@type\":\"Organization\",\"@id\":\"https:\/\/www.agv44.org\/site\/#organization\",\"name\":\"Association G\u00e9n\u00e9alogique Vertavienne\",\"url\":\"https:\/\/www.agv44.org\/site\/\",\"logo\":{\"@type\":\"ImageObject\",\"inLanguage\":\"fr-FR\",\"@id\":\"https:\/\/www.agv44.org\/site\/#\/schema\/logo\/image\/\",\"url\":\"https:\/\/www.agv44.org\/site\/wp-content\/uploads\/2020\/04\/logoagv300.png\",\"contentUrl\":\"https:\/\/www.agv44.org\/site\/wp-content\/uploads\/2020\/04\/logoagv300.png\",\"width\":300,\"height\":271,\"caption\":\"Association G\u00e9n\u00e9alogique Vertavienne\"},\"image\":{\"@id\":\"https:\/\/www.agv44.org\/site\/#\/schema\/logo\/image\/\"}}]}<\/script>\n<!-- \/ Yoast SEO plugin. -->","yoast_head_json":{"title":"pr\u00e9sentation 2","description":"Les Statuts Le r\u00e8glement int\u00e9rieur Depuis 1985, l'Association G\u00e9n\u00e9alogique Vertavienne accompagne ceux qui d\u00e9sirent se lancer dans la recherche de leur","robots":{"index":"index","follow":"follow","max-snippet":"max-snippet:-1","max-image-preview":"max-image-preview:large","max-video-preview":"max-video-preview:-1"},"canonical":"https:\/\/www.agv44.org\/site\/presentation-2\/","og_locale":"fr_FR","og_type":"article","og_title":"pr\u00e9sentation 2","og_description":"Les Statuts Le r\u00e8glement int\u00e9rieur Depuis 1985, l'Association G\u00e9n\u00e9alogique Vertavienne accompagne ceux qui d\u00e9sirent se lancer dans la recherche de leur","og_url":"https:\/\/www.agv44.org\/site\/presentation-2\/","article_modified_time":"2025-11-11T10:52:23+00:00","og_image":[{"width":3680,"height":705,"url":"https:\/\/www.agv44.org\/site\/wp-content\/uploads\/2020\/09\/associationgenealogiquevertavienne.png","type":"image\/png"}],"twitter_card":"summary_large_image","twitter_misc":{"Dur\u00e9e de lecture estim\u00e9e":"6 minutes"},"schema":{"@context":"https:\/\/schema.org","@graph":[{"@type":"WebPage","@id":"https:\/\/www.agv44.org\/site\/presentation-2\/","url":"https:\/\/www.agv44.org\/site\/presentation-2\/","name":"pr\u00e9sentation 2","isPartOf":{"@id":"https:\/\/www.agv44.org\/site\/#website"},"primaryImageOfPage":{"@id":"https:\/\/www.agv44.org\/site\/presentation-2\/#primaryimage"},"image":{"@id":"https:\/\/www.agv44.org\/site\/presentation-2\/#primaryimage"},"thumbnailUrl":"https:\/\/www.agv44.org\/site\/wp-content\/uploads\/2020\/09\/associationgenealogiquevertavienne-1024x196.png","datePublished":"2020-09-25T15:22:21+00:00","dateModified":"2025-11-11T10:52:23+00:00","description":"Les Statuts Le r\u00e8glement int\u00e9rieur Depuis 1985, l'Association G\u00e9n\u00e9alogique Vertavienne accompagne ceux qui d\u00e9sirent se lancer dans la recherche de leur","breadcrumb":{"@id":"https:\/\/www.agv44.org\/site\/presentation-2\/#breadcrumb"},"inLanguage":"fr-FR","potentialAction":[{"@type":"ReadAction","target":["https:\/\/www.agv44.org\/site\/presentation-2\/"]}]},{"@type":"ImageObject","inLanguage":"fr-FR","@id":"https:\/\/www.agv44.org\/site\/presentation-2\/#primaryimage","url":"https:\/\/www.agv44.org\/site\/wp-content\/uploads\/2020\/09\/associationgenealogiquevertavienne.png","contentUrl":"https:\/\/www.agv44.org\/site\/wp-content\/uploads\/2020\/09\/associationgenealogiquevertavienne.png","width":3680,"height":705},{"@type":"BreadcrumbList","@id":"https:\/\/www.agv44.org\/site\/presentation-2\/#breadcrumb","itemListElement":[{"@type":"ListItem","position":1,"name":"Accueil","item":"https:\/\/www.agv44.org\/site\/"},{"@type":"ListItem","position":2,"name":"pr\u00e9sentation 2"}]},{"@type":"WebSite","@id":"https:\/\/www.agv44.org\/site\/#website","url":"https:\/\/www.agv44.org\/site\/","name":"","description":"","publisher":{"@id":"https:\/\/www.agv44.org\/site\/#organization"},"potentialAction":[{"@type":"SearchAction","target":{"@type":"EntryPoint","urlTemplate":"https:\/\/www.agv44.org\/site\/?s={search_term_string}"},"query-input":{"@type":"PropertyValueSpecification","valueRequired":true,"valueName":"search_term_string"}}],"inLanguage":"fr-FR"},{"@type":"Organization","@id":"https:\/\/www.agv44.org\/site\/#organization","name":"Association G\u00e9n\u00e9alogique Vertavienne","url":"https:\/\/www.agv44.org\/site\/","logo":{"@type":"ImageObject","inLanguage":"fr-FR","@id":"https:\/\/www.agv44.org\/site\/#\/schema\/logo\/image\/","url":"https:\/\/www.agv44.org\/site\/wp-content\/uploads\/2020\/04\/logoagv300.png","contentUrl":"https:\/\/www.agv44.org\/site\/wp-content\/uploads\/2020\/04\/logoagv300.png","width":300,"height":271,"caption":"Association G\u00e9n\u00e9alogique Vertavienne"},"image":{"@id":"https:\/\/www.agv44.org\/site\/#\/schema\/logo\/image\/"}}]}},"_links":{"self":[{"href":"https:\/\/www.agv44.org\/site\/wp-json\/wp\/v2\/pages\/4157","targetHints":{"allow":["GET"]}}],"collection":[{"href":"https:\/\/www.agv44.org\/site\/wp-json\/wp\/v2\/pages"}],"about":[{"href":"https:\/\/www.agv44.org\/site\/wp-json\/wp\/v2\/types\/page"}],"author":[{"embeddable":true,"href":"https:\/\/www.agv44.org\/site\/wp-json\/wp\/v2\/users\/86"}],"replies":[{"embeddable":true,"href":"https:\/\/www.agv44.org\/site\/wp-json\/wp\/v2\/comments?post=4157"}],"version-history":[{"count":43,"href":"https:\/\/www.agv44.org\/site\/wp-json\/wp\/v2\/pages\/4157\/revisions"}],"predecessor-version":[{"id":7672,"href":"https:\/\/www.agv44.org\/site\/wp-json\/wp\/v2\/pages\/4157\/revisions\/7672"}],"wp:attachment":[{"href":"https:\/\/www.agv44.org\/site\/wp-json\/wp\/v2\/media?parent=4157"}],"curies":[{"name":"wp","href":"https:\/\/api.w.org\/{rel}","templated":true}]}}