{"id":1340,"date":"2020-01-24T16:42:55","date_gmt":"2020-01-24T15:42:55","guid":{"rendered":"https:\/\/www.agv44.org\/site\/?page_id=1340"},"modified":"2026-04-27T11:32:05","modified_gmt":"2026-04-27T09:32:05","slug":"bienvenue","status":"publish","type":"page","link":"https:\/\/www.agv44.org\/site\/","title":{"rendered":"accueil"},"content":{"rendered":"<div class=\"wp-block-image\">\n<figure class=\"aligncenter size-large is-resized\"><img loading=\"lazy\" decoding=\"async\" width=\"1024\" height=\"196\" src=\"https:\/\/www.agv44.org\/site\/wp-content\/uploads\/2020\/04\/bienvenue-1024x196.png\" alt=\"\" class=\"wp-image-3459\" style=\"width:643px;height:133px\" srcset=\"https:\/\/www.agv44.org\/site\/wp-content\/uploads\/2020\/04\/bienvenue-1024x196.png 1024w, https:\/\/www.agv44.org\/site\/wp-content\/uploads\/2020\/04\/bienvenue-300x57.png 300w, https:\/\/www.agv44.org\/site\/wp-content\/uploads\/2020\/04\/bienvenue-768x147.png 768w, https:\/\/www.agv44.org\/site\/wp-content\/uploads\/2020\/04\/bienvenue-676x130.png 676w, https:\/\/www.agv44.org\/site\/wp-content\/uploads\/2020\/04\/bienvenue-1320x253.png 1320w\" sizes=\"auto, (max-width: 1024px) 100vw, 1024px\" \/><\/figure><\/div>\n\n\n<div class=\"wp-block-group is-content-justification-center is-nowrap is-layout-flex wp-container-core-group-is-layout-1 wp-block-group-is-layout-flex\">\n<figure class=\"wp-block-image size-large is-resized\"><img loading=\"lazy\" decoding=\"async\" width=\"768\" height=\"1024\" src=\"https:\/\/www.agv44.org\/site\/wp-content\/uploads\/2025\/09\/perm01-1-768x1024.jpg\" alt=\"\" class=\"wp-image-7550\" style=\"width:200px\" srcset=\"https:\/\/www.agv44.org\/site\/wp-content\/uploads\/2025\/09\/perm01-1-768x1025.jpg 768w, https:\/\/www.agv44.org\/site\/wp-content\/uploads\/2025\/09\/perm01-1-225x300.jpg 225w, https:\/\/www.agv44.org\/site\/wp-content\/uploads\/2025\/09\/perm01-1-1151x1536.jpg 1151w, https:\/\/www.agv44.org\/site\/wp-content\/uploads\/2025\/09\/perm01-1-1535x2048.jpg 1535w, https:\/\/www.agv44.org\/site\/wp-content\/uploads\/2025\/09\/perm01-1-676x902.jpg 676w, https:\/\/www.agv44.org\/site\/wp-content\/uploads\/2025\/09\/perm01-1.jpg 1814w\" sizes=\"auto, (max-width: 768px) 100vw, 768px\" \/><\/figure>\n\n\n\n<figure class=\"wp-block-image size-large is-resized\"><img loading=\"lazy\" decoding=\"async\" width=\"1024\" height=\"792\" src=\"https:\/\/www.agv44.org\/site\/wp-content\/uploads\/2026\/03\/20260228_114245-1024x792.jpg\" alt=\"\" class=\"wp-image-7777\" style=\"width:200px\" srcset=\"https:\/\/www.agv44.org\/site\/wp-content\/uploads\/2026\/03\/20260228_114245-1024x792.jpg 1024w, https:\/\/www.agv44.org\/site\/wp-content\/uploads\/2026\/03\/20260228_114245-300x232.jpg 300w, https:\/\/www.agv44.org\/site\/wp-content\/uploads\/2026\/03\/20260228_114245-768x594.jpg 768w, https:\/\/www.agv44.org\/site\/wp-content\/uploads\/2026\/03\/20260228_114245-1536x1189.jpg 1536w, https:\/\/www.agv44.org\/site\/wp-content\/uploads\/2026\/03\/20260228_114245-2048x1585.jpg 2048w, https:\/\/www.agv44.org\/site\/wp-content\/uploads\/2026\/03\/20260228_114245-676x523.jpg 676w\" sizes=\"auto, (max-width: 1024px) 100vw, 1024px\" \/><\/figure>\n\n\n\n<figure class=\"wp-block-image size-large is-resized\"><img loading=\"lazy\" decoding=\"async\" width=\"768\" height=\"1024\" src=\"https:\/\/www.agv44.org\/site\/wp-content\/uploads\/2025\/09\/perm02-768x1024.jpg\" alt=\"\" class=\"wp-image-7551\" style=\"width:200px\" srcset=\"https:\/\/www.agv44.org\/site\/wp-content\/uploads\/2025\/09\/perm02-768x1025.jpg 768w, https:\/\/www.agv44.org\/site\/wp-content\/uploads\/2025\/09\/perm02-225x300.jpg 225w, https:\/\/www.agv44.org\/site\/wp-content\/uploads\/2025\/09\/perm02-1151x1536.jpg 1151w, https:\/\/www.agv44.org\/site\/wp-content\/uploads\/2025\/09\/perm02-1535x2048.jpg 1535w, https:\/\/www.agv44.org\/site\/wp-content\/uploads\/2025\/09\/perm02-676x902.jpg 676w, https:\/\/www.agv44.org\/site\/wp-content\/uploads\/2025\/09\/perm02.jpg 1814w\" sizes=\"auto, (max-width: 768px) 100vw, 768px\" \/><\/figure>\n<\/div>\n\n\n\n<p class=\"has-text-align-center\">Jour de permanence \u00e0 la salle Jules Bouchaud<\/p>\n\n\n<div class=\"wp-block-image\">\n<figure class=\"aligncenter size-full is-resized\"><a href=\"#nosprojets\"><img loading=\"lazy\" decoding=\"async\" width=\"966\" height=\"236\" src=\"https:\/\/www.agv44.org\/site\/wp-content\/uploads\/2024\/05\/Les-projets.png\" alt=\"\" class=\"wp-image-6764\" style=\"width:274px;height:auto\" srcset=\"https:\/\/www.agv44.org\/site\/wp-content\/uploads\/2024\/05\/Les-projets.png 966w, https:\/\/www.agv44.org\/site\/wp-content\/uploads\/2024\/05\/Les-projets-300x73.png 300w, https:\/\/www.agv44.org\/site\/wp-content\/uploads\/2024\/05\/Les-projets-768x188.png 768w, https:\/\/www.agv44.org\/site\/wp-content\/uploads\/2024\/05\/Les-projets-676x165.png 676w\" sizes=\"auto, (max-width: 966px) 100vw, 966px\" \/><\/a><\/figure><\/div>\n\n\n<p class=\"has-text-align-center\">(Cliquez pour y acc\u00e9der)<\/p>\n\n\n\n<p class=\"has-text-align-center has-text-color has-link-color wp-elements-d324d87e580efc56de61ea8215d93972\" style=\"color:#df283a\"><strong>On y pense d\u00e9j\u00e0 !!! Mais \u00e0 quoi ? Mais \u00e0 la Biennale 2027 !<\/strong><\/p>\n\n\n\n<p class=\"has-text-align-center has-text-color has-link-color wp-elements-d33913374f08502121edb7f0dddb07b0\" style=\"color:#352bc0;font-size:30px\"><strong>R\u00e9servez vos jours !  Les 3 et 4 avril 2027<\/strong><\/p>\n\n\n\n<p class=\"has-text-align-center has-text-color has-link-color wp-elements-7eb2c04ac3885c7f9a427c5fc4a8e591\" style=\"color:#cd1c46\"><strong>Notre attention se portera cette fois sur la Mode. A vos id\u00e9es !<\/strong><\/p>\n\n\n\n<div class=\"wp-block-group is-content-justification-center is-nowrap is-layout-flex wp-container-core-group-is-layout-2 wp-block-group-is-layout-flex\"><div class=\"wp-block-image\">\n<figure class=\"aligncenter size-full is-resized\"><img loading=\"lazy\" decoding=\"async\" width=\"455\" height=\"638\" src=\"https:\/\/www.agv44.org\/site\/wp-content\/uploads\/2026\/03\/affiche-expo-2nd-guerre-retz.jpg\" alt=\"\" class=\"wp-image-7799\" style=\"width:200px;height:auto\" srcset=\"https:\/\/www.agv44.org\/site\/wp-content\/uploads\/2026\/03\/affiche-expo-2nd-guerre-retz.jpg 455w, https:\/\/www.agv44.org\/site\/wp-content\/uploads\/2026\/03\/affiche-expo-2nd-guerre-retz-214x300.jpg 214w\" sizes=\"auto, (max-width: 455px) 100vw, 455px\" \/><\/figure><\/div>\n\n\n<p class=\"has-text-align-center\">Si cela vous tente&#8230;<\/p>\n<\/div>\n\n\n<div class=\"wp-block-image\">\n<figure class=\"aligncenter size-large is-resized\"><img loading=\"lazy\" decoding=\"async\" width=\"1024\" height=\"185\" src=\"https:\/\/www.agv44.org\/site\/wp-content\/uploads\/2020\/03\/quoideneuf-1-1024x185.png\" alt=\"\" class=\"wp-image-2690\" style=\"width:393px;height:71px\" srcset=\"https:\/\/www.agv44.org\/site\/wp-content\/uploads\/2020\/03\/quoideneuf-1-1024x185.png 1024w, https:\/\/www.agv44.org\/site\/wp-content\/uploads\/2020\/03\/quoideneuf-1-300x54.png 300w, https:\/\/www.agv44.org\/site\/wp-content\/uploads\/2020\/03\/quoideneuf-1-768x138.png 768w, https:\/\/www.agv44.org\/site\/wp-content\/uploads\/2020\/03\/quoideneuf-1-676x122.png 676w, https:\/\/www.agv44.org\/site\/wp-content\/uploads\/2020\/03\/quoideneuf-1.png 1115w\" sizes=\"auto, (max-width: 1024px) 100vw, 1024px\" \/><\/figure><\/div>\n\n\n<p class=\"has-text-align-center has-text-color\" style=\"color:#a82246\"><strong>L&rsquo;ann\u00e9e 1925 est d\u00e9sormais en ligne sur les AD44<\/strong> !<\/p>\n\n\n\n<p class=\"has-text-align-center\" style=\"font-size:25px\"><a href=\"https:\/\/francearchives.gouv.fr\/basedenoms_recensement?es_names=&amp;es_forenames=&amp;es_locations=&amp;fulltext_facet=\">Nouveau lien vers les recensements<\/a><\/p>\n\n\n\n<p class=\"has-text-align-center\" style=\"font-size:25px\"><a href=\"https:\/\/www.agv44.org\/site\/hommage\/\" target=\"_blank\" rel=\"noreferrer noopener\">Hommage \u00e0 des r\u00e9sistants<\/a>, <\/p>\n\n\n\n<p class=\"has-text-align-center\" style=\"font-size:25px\">le r\u00e9seau Oscar<\/p>\n\n\n<div class=\"wp-block-image\">\n<figure class=\"aligncenter size-large is-resized\"><img loading=\"lazy\" decoding=\"async\" width=\"1024\" height=\"590\" src=\"https:\/\/www.agv44.org\/site\/wp-content\/uploads\/2026\/04\/1000012941-1024x590.jpg\" alt=\"\" class=\"wp-image-7842\" style=\"width:338px;height:auto\" srcset=\"https:\/\/www.agv44.org\/site\/wp-content\/uploads\/2026\/04\/1000012941-1024x590.jpg 1024w, https:\/\/www.agv44.org\/site\/wp-content\/uploads\/2026\/04\/1000012941-300x173.jpg 300w, https:\/\/www.agv44.org\/site\/wp-content\/uploads\/2026\/04\/1000012941-768x442.jpg 768w, https:\/\/www.agv44.org\/site\/wp-content\/uploads\/2026\/04\/1000012941-676x389.jpg 676w, https:\/\/www.agv44.org\/site\/wp-content\/uploads\/2026\/04\/1000012941.jpg 1170w\" sizes=\"auto, (max-width: 1024px) 100vw, 1024px\" \/><figcaption class=\"wp-element-caption\">Elisabeth lors de la pr\u00e9sentation de l&rsquo;implication de sa famille dans la r\u00e9sistance.<\/figcaption><\/figure><\/div>\n\n\n<p class=\"has-text-align-center\" style=\"font-size:25px\"><a href=\"https:\/\/www.agv44.org\/site\/ile-amsterdam\/\" target=\"_blank\" rel=\"noreferrer noopener\">Nouvelle petite histoire de la grande : L&rsquo;\u00cele du bout du Monde<\/a><\/p>\n\n\n\n<p class=\"has-text-align-center\" style=\"font-size:25px\"><a href=\"https:\/\/www.vieuxmetiers.org\/\" target=\"_blank\" rel=\"noreferrer noopener\">Nouveau lien utile vers les m\u00e9tiers anciens<\/a><\/p>\n\n\n\n<p class=\"has-text-align-center\" style=\"font-size:25px\"><a href=\"https:\/\/fr.wikipedia.org\/wiki\/Portail:H%C3%A9raldique\" target=\"_blank\" rel=\"noreferrer noopener\">Nouveaux liens vers le monde des blasons<\/a><\/p>\n\n\n\n<p class=\"has-text-align-center has-text-color\" style=\"color:#b52d9c\"><strong>Nos adh\u00e9rents peuvent  b\u00e9n\u00e9ficier d&rsquo;un acc\u00e8s \u00e0 FILAE depuis notre salle de permanence.<\/strong><\/p>\n\n\n\n<hr class=\"wp-block-separator has-alpha-channel-opacity\"\/>\n\n\n\n<div class=\"wp-block-group\"><div class=\"wp-block-group__inner-container is-layout-constrained wp-block-group-is-layout-constrained\">\n<p class=\"has-text-align-center has-text-color has-link-color wp-elements-d33b2caf8802be21961635088e57015d\" style=\"color:#2e35b2\"><strong>Expo \u00e0 Bel-Air<\/strong><\/p>\n\n\n\n<p>En collaboration avec l&rsquo;AGV l&rsquo;animateur de cet EHPAD a expos\u00e9 quelques traces de la vie des r\u00e9sidents.<\/p>\n\n\n\n<figure class=\"wp-block-gallery has-nested-images columns-default is-cropped wp-block-gallery-2 is-layout-flex wp-block-gallery-is-layout-flex\">\n<figure class=\"wp-block-image size-large\"><img loading=\"lazy\" decoding=\"async\" width=\"1024\" height=\"759\" src=\"https:\/\/www.agv44.org\/site\/wp-content\/uploads\/2026\/02\/belair-fev20262-1-1024x759.jpg\" alt=\"\" class=\"wp-image-7748\" srcset=\"https:\/\/www.agv44.org\/site\/wp-content\/uploads\/2026\/02\/belair-fev20262-1-1024x759.jpg 1024w, https:\/\/www.agv44.org\/site\/wp-content\/uploads\/2026\/02\/belair-fev20262-1-300x222.jpg 300w, https:\/\/www.agv44.org\/site\/wp-content\/uploads\/2026\/02\/belair-fev20262-1-768x569.jpg 768w, https:\/\/www.agv44.org\/site\/wp-content\/uploads\/2026\/02\/belair-fev20262-1-1536x1138.jpg 1536w, https:\/\/www.agv44.org\/site\/wp-content\/uploads\/2026\/02\/belair-fev20262-1-676x501.jpg 676w, https:\/\/www.agv44.org\/site\/wp-content\/uploads\/2026\/02\/belair-fev20262-1.jpg 1911w\" sizes=\"auto, (max-width: 1024px) 100vw, 1024px\" \/><\/figure>\n\n\n\n<figure class=\"wp-block-image size-large\"><img loading=\"lazy\" decoding=\"async\" width=\"1024\" height=\"804\" src=\"https:\/\/www.agv44.org\/site\/wp-content\/uploads\/2026\/02\/belair-fev20264-1-1024x804.jpg\" alt=\"\" class=\"wp-image-7749\" srcset=\"https:\/\/www.agv44.org\/site\/wp-content\/uploads\/2026\/02\/belair-fev20264-1-1024x804.jpg 1024w, https:\/\/www.agv44.org\/site\/wp-content\/uploads\/2026\/02\/belair-fev20264-1-300x236.jpg 300w, https:\/\/www.agv44.org\/site\/wp-content\/uploads\/2026\/02\/belair-fev20264-1-768x603.jpg 768w, https:\/\/www.agv44.org\/site\/wp-content\/uploads\/2026\/02\/belair-fev20264-1-1536x1206.jpg 1536w, https:\/\/www.agv44.org\/site\/wp-content\/uploads\/2026\/02\/belair-fev20264-1-676x531.jpg 676w, https:\/\/www.agv44.org\/site\/wp-content\/uploads\/2026\/02\/belair-fev20264-1.jpg 1899w\" sizes=\"auto, (max-width: 1024px) 100vw, 1024px\" \/><\/figure>\n\n\n\n<figure class=\"wp-block-image size-large\"><img loading=\"lazy\" decoding=\"async\" width=\"1024\" height=\"793\" src=\"https:\/\/www.agv44.org\/site\/wp-content\/uploads\/2026\/02\/belair-fev20265-2-1024x793.jpg\" alt=\"\" class=\"wp-image-7750\" srcset=\"https:\/\/www.agv44.org\/site\/wp-content\/uploads\/2026\/02\/belair-fev20265-2-1024x793.jpg 1024w, https:\/\/www.agv44.org\/site\/wp-content\/uploads\/2026\/02\/belair-fev20265-2-300x232.jpg 300w, https:\/\/www.agv44.org\/site\/wp-content\/uploads\/2026\/02\/belair-fev20265-2-768x595.jpg 768w, https:\/\/www.agv44.org\/site\/wp-content\/uploads\/2026\/02\/belair-fev20265-2-1536x1190.jpg 1536w, https:\/\/www.agv44.org\/site\/wp-content\/uploads\/2026\/02\/belair-fev20265-2-676x524.jpg 676w, https:\/\/www.agv44.org\/site\/wp-content\/uploads\/2026\/02\/belair-fev20265-2.jpg 2011w\" sizes=\"auto, (max-width: 1024px) 100vw, 1024px\" \/><\/figure>\n<\/figure>\n<\/div><\/div>\n\n\n\n<p class=\"has-text-align-center has-text-color has-link-color wp-elements-95a6d912a20c5459dbf8d6245301e5e2\" style=\"color:#6344cf\"><strong>Le 31 janvier 70 adh\u00e9rents se sont retrouv\u00e9s autour de la traditionnelle galette<\/strong> <\/p>\n\n\n\n<figure class=\"wp-block-gallery has-nested-images columns-default is-cropped wp-block-gallery-3 is-layout-flex wp-block-gallery-is-layout-flex\">\n<figure class=\"wp-block-image size-large\"><img loading=\"lazy\" decoding=\"async\" width=\"1024\" height=\"576\" data-id=\"7727\" src=\"https:\/\/www.agv44.org\/site\/wp-content\/uploads\/2026\/02\/IMG_20260131_170741-1024x576.jpg\" alt=\"\" class=\"wp-image-7727\" srcset=\"https:\/\/www.agv44.org\/site\/wp-content\/uploads\/2026\/02\/IMG_20260131_170741-1024x576.jpg 1024w, https:\/\/www.agv44.org\/site\/wp-content\/uploads\/2026\/02\/IMG_20260131_170741-300x169.jpg 300w, https:\/\/www.agv44.org\/site\/wp-content\/uploads\/2026\/02\/IMG_20260131_170741-768x432.jpg 768w, https:\/\/www.agv44.org\/site\/wp-content\/uploads\/2026\/02\/IMG_20260131_170741-1536x864.jpg 1536w, https:\/\/www.agv44.org\/site\/wp-content\/uploads\/2026\/02\/IMG_20260131_170741-2048x1152.jpg 2048w, https:\/\/www.agv44.org\/site\/wp-content\/uploads\/2026\/02\/IMG_20260131_170741-676x380.jpg 676w\" sizes=\"auto, (max-width: 1024px) 100vw, 1024px\" \/><\/figure>\n\n\n\n<figure class=\"wp-block-image size-large\"><img loading=\"lazy\" decoding=\"async\" width=\"1024\" height=\"576\" data-id=\"7731\" src=\"https:\/\/www.agv44.org\/site\/wp-content\/uploads\/2026\/02\/IMG_20260131_172000-1024x576.jpg\" alt=\"\" class=\"wp-image-7731\" srcset=\"https:\/\/www.agv44.org\/site\/wp-content\/uploads\/2026\/02\/IMG_20260131_172000-1024x576.jpg 1024w, https:\/\/www.agv44.org\/site\/wp-content\/uploads\/2026\/02\/IMG_20260131_172000-300x169.jpg 300w, https:\/\/www.agv44.org\/site\/wp-content\/uploads\/2026\/02\/IMG_20260131_172000-768x432.jpg 768w, https:\/\/www.agv44.org\/site\/wp-content\/uploads\/2026\/02\/IMG_20260131_172000-1536x864.jpg 1536w, https:\/\/www.agv44.org\/site\/wp-content\/uploads\/2026\/02\/IMG_20260131_172000-2048x1152.jpg 2048w, https:\/\/www.agv44.org\/site\/wp-content\/uploads\/2026\/02\/IMG_20260131_172000-676x380.jpg 676w\" sizes=\"auto, (max-width: 1024px) 100vw, 1024px\" \/><\/figure>\n\n\n\n<figure class=\"wp-block-image size-large\"><img loading=\"lazy\" decoding=\"async\" width=\"1024\" height=\"576\" data-id=\"7728\" src=\"https:\/\/www.agv44.org\/site\/wp-content\/uploads\/2026\/02\/IMG_20260131_171121-1024x576.jpg\" alt=\"\" class=\"wp-image-7728\" srcset=\"https:\/\/www.agv44.org\/site\/wp-content\/uploads\/2026\/02\/IMG_20260131_171121-1024x576.jpg 1024w, https:\/\/www.agv44.org\/site\/wp-content\/uploads\/2026\/02\/IMG_20260131_171121-300x169.jpg 300w, https:\/\/www.agv44.org\/site\/wp-content\/uploads\/2026\/02\/IMG_20260131_171121-768x432.jpg 768w, https:\/\/www.agv44.org\/site\/wp-content\/uploads\/2026\/02\/IMG_20260131_171121-1536x864.jpg 1536w, https:\/\/www.agv44.org\/site\/wp-content\/uploads\/2026\/02\/IMG_20260131_171121-2048x1152.jpg 2048w, https:\/\/www.agv44.org\/site\/wp-content\/uploads\/2026\/02\/IMG_20260131_171121-676x380.jpg 676w\" sizes=\"auto, (max-width: 1024px) 100vw, 1024px\" \/><\/figure>\n\n\n\n<figure class=\"wp-block-image size-large\"><img loading=\"lazy\" decoding=\"async\" width=\"1024\" height=\"576\" data-id=\"7730\" src=\"https:\/\/www.agv44.org\/site\/wp-content\/uploads\/2026\/02\/IMG_20260131_171535-1024x576.jpg\" alt=\"\" class=\"wp-image-7730\" srcset=\"https:\/\/www.agv44.org\/site\/wp-content\/uploads\/2026\/02\/IMG_20260131_171535-1024x576.jpg 1024w, https:\/\/www.agv44.org\/site\/wp-content\/uploads\/2026\/02\/IMG_20260131_171535-300x169.jpg 300w, https:\/\/www.agv44.org\/site\/wp-content\/uploads\/2026\/02\/IMG_20260131_171535-768x432.jpg 768w, https:\/\/www.agv44.org\/site\/wp-content\/uploads\/2026\/02\/IMG_20260131_171535-1536x864.jpg 1536w, https:\/\/www.agv44.org\/site\/wp-content\/uploads\/2026\/02\/IMG_20260131_171535-2048x1152.jpg 2048w, https:\/\/www.agv44.org\/site\/wp-content\/uploads\/2026\/02\/IMG_20260131_171535-676x380.jpg 676w\" sizes=\"auto, (max-width: 1024px) 100vw, 1024px\" \/><\/figure>\n\n\n\n<figure class=\"wp-block-image size-large\"><img loading=\"lazy\" decoding=\"async\" width=\"1024\" height=\"576\" data-id=\"7725\" src=\"https:\/\/www.agv44.org\/site\/wp-content\/uploads\/2026\/02\/IMG_20260131_171855-1024x576.jpg\" alt=\"\" class=\"wp-image-7725\" srcset=\"https:\/\/www.agv44.org\/site\/wp-content\/uploads\/2026\/02\/IMG_20260131_171855-1024x576.jpg 1024w, https:\/\/www.agv44.org\/site\/wp-content\/uploads\/2026\/02\/IMG_20260131_171855-300x169.jpg 300w, https:\/\/www.agv44.org\/site\/wp-content\/uploads\/2026\/02\/IMG_20260131_171855-768x432.jpg 768w, https:\/\/www.agv44.org\/site\/wp-content\/uploads\/2026\/02\/IMG_20260131_171855-1536x864.jpg 1536w, https:\/\/www.agv44.org\/site\/wp-content\/uploads\/2026\/02\/IMG_20260131_171855-2048x1152.jpg 2048w, https:\/\/www.agv44.org\/site\/wp-content\/uploads\/2026\/02\/IMG_20260131_171855-676x380.jpg 676w\" sizes=\"auto, (max-width: 1024px) 100vw, 1024px\" \/><\/figure>\n\n\n\n<figure class=\"wp-block-image size-large\"><img loading=\"lazy\" decoding=\"async\" width=\"1024\" height=\"576\" data-id=\"7729\" src=\"https:\/\/www.agv44.org\/site\/wp-content\/uploads\/2026\/02\/IMG_20260131_171917-1024x576.jpg\" alt=\"\" class=\"wp-image-7729\" srcset=\"https:\/\/www.agv44.org\/site\/wp-content\/uploads\/2026\/02\/IMG_20260131_171917-1024x576.jpg 1024w, https:\/\/www.agv44.org\/site\/wp-content\/uploads\/2026\/02\/IMG_20260131_171917-300x169.jpg 300w, https:\/\/www.agv44.org\/site\/wp-content\/uploads\/2026\/02\/IMG_20260131_171917-768x432.jpg 768w, https:\/\/www.agv44.org\/site\/wp-content\/uploads\/2026\/02\/IMG_20260131_171917-1536x864.jpg 1536w, https:\/\/www.agv44.org\/site\/wp-content\/uploads\/2026\/02\/IMG_20260131_171917-2048x1152.jpg 2048w, https:\/\/www.agv44.org\/site\/wp-content\/uploads\/2026\/02\/IMG_20260131_171917-676x380.jpg 676w\" sizes=\"auto, (max-width: 1024px) 100vw, 1024px\" \/><\/figure>\n<\/figure>\n\n\n\n<p class=\"has-text-align-center has-text-color has-link-color wp-elements-0185d54bcee33f768e4de61fb4624197\" style=\"color:#436ebe\"><strong>Expo photo au Muguet<\/strong><\/p>\n\n\n\n<div class=\"wp-block-columns is-layout-flex wp-container-core-columns-is-layout-1 wp-block-columns-is-layout-flex\">\n<div class=\"wp-block-column is-vertically-aligned-center is-layout-flow wp-block-column-is-layout-flow\"><div class=\"wp-block-image\">\n<figure class=\"aligncenter size-large is-resized\"><img loading=\"lazy\" decoding=\"async\" width=\"1024\" height=\"662\" src=\"https:\/\/www.agv44.org\/site\/wp-content\/uploads\/2025\/12\/muguet-01-1-1024x662.jpg\" alt=\"\" class=\"wp-image-7689\" style=\"width:262px;height:auto\" srcset=\"https:\/\/www.agv44.org\/site\/wp-content\/uploads\/2025\/12\/muguet-01-1-1024x662.jpg 1024w, https:\/\/www.agv44.org\/site\/wp-content\/uploads\/2025\/12\/muguet-01-1-300x194.jpg 300w, https:\/\/www.agv44.org\/site\/wp-content\/uploads\/2025\/12\/muguet-01-1-768x496.jpg 768w, https:\/\/www.agv44.org\/site\/wp-content\/uploads\/2025\/12\/muguet-01-1-1536x993.jpg 1536w, https:\/\/www.agv44.org\/site\/wp-content\/uploads\/2025\/12\/muguet-01-1-676x437.jpg 676w, https:\/\/www.agv44.org\/site\/wp-content\/uploads\/2025\/12\/muguet-01-1.jpg 1708w\" sizes=\"auto, (max-width: 1024px) 100vw, 1024px\" \/><\/figure><\/div><\/div>\n\n\n\n<div class=\"wp-block-column is-vertically-aligned-center is-layout-flow wp-block-column-is-layout-flow\"><div class=\"wp-block-image\">\n<figure class=\"aligncenter size-large is-resized\"><img loading=\"lazy\" decoding=\"async\" width=\"1024\" height=\"768\" src=\"https:\/\/www.agv44.org\/site\/wp-content\/uploads\/2025\/12\/muguet-02-1024x768.jpg\" alt=\"\" class=\"wp-image-7690\" style=\"width:262px\" srcset=\"https:\/\/www.agv44.org\/site\/wp-content\/uploads\/2025\/12\/muguet-02-1024x768.jpg 1024w, https:\/\/www.agv44.org\/site\/wp-content\/uploads\/2025\/12\/muguet-02-300x225.jpg 300w, https:\/\/www.agv44.org\/site\/wp-content\/uploads\/2025\/12\/muguet-02-768x576.jpg 768w, https:\/\/www.agv44.org\/site\/wp-content\/uploads\/2025\/12\/muguet-02-676x507.jpg 676w, https:\/\/www.agv44.org\/site\/wp-content\/uploads\/2025\/12\/muguet-02.jpg 1238w\" sizes=\"auto, (max-width: 1024px) 100vw, 1024px\" \/><\/figure><\/div><\/div>\n<\/div>\n\n\n\n<p>Depuis le 25 novembre et pendant trois semaines les photos confi\u00e9es \u00e0 l&rsquo;AGV par les r\u00e9sidents de la maison de retraite \u00ab\u00a0Le Muguet\u00a0\u00bb de St S\u00e9bastien-sur-Loire et compl\u00e9t\u00e9es des recherches g\u00e9n\u00e9alogiques ont \u00e9t\u00e9 expos\u00e9es dans la r\u00e9sidence. Fruit de la collaboration de l&rsquo;asso avec l&rsquo;animatrice Alexandra, le travail profite \u00e0 tous, mais d&rsquo;abord aux pensionnaires, occasion de faire appel \u00e0 sa m\u00e9moire.<\/p>\n\n\n\n<div class=\"wp-block-columns is-layout-flex wp-container-core-columns-is-layout-2 wp-block-columns-is-layout-flex\">\n<div class=\"wp-block-column is-layout-flow wp-block-column-is-layout-flow\" style=\"flex-basis:100%\"><\/div>\n<\/div>\n\n\n\n<p class=\"has-text-align-center has-text-color has-link-color wp-elements-7f94ef1596e2de5347d43ac8734cd932\" style=\"color:#3c43a5\"><strong>Visite aux Alpes<\/strong><\/p>\n\n\n\n<div class=\"wp-block-group is-content-justification-center is-nowrap is-layout-flex wp-container-core-group-is-layout-4 wp-block-group-is-layout-flex\">\n<figure class=\"wp-block-image size-full is-resized\"><img loading=\"lazy\" decoding=\"async\" width=\"1024\" height=\"680\" src=\"https:\/\/www.agv44.org\/site\/wp-content\/uploads\/2025\/10\/2463.jpg\" alt=\"\" class=\"wp-image-7616\" style=\"object-fit:cover;width:336px;height:200px\" srcset=\"https:\/\/www.agv44.org\/site\/wp-content\/uploads\/2025\/10\/2463.jpg 1024w, https:\/\/www.agv44.org\/site\/wp-content\/uploads\/2025\/10\/2463-300x199.jpg 300w, https:\/\/www.agv44.org\/site\/wp-content\/uploads\/2025\/10\/2463-768x510.jpg 768w, https:\/\/www.agv44.org\/site\/wp-content\/uploads\/2025\/10\/2463-676x449.jpg 676w\" sizes=\"auto, (max-width: 1024px) 100vw, 1024px\" \/><\/figure>\n\n\n\n<figure class=\"wp-block-image size-full is-resized\"><img loading=\"lazy\" decoding=\"async\" width=\"474\" height=\"317\" src=\"https:\/\/www.agv44.org\/site\/wp-content\/uploads\/2025\/10\/annecy.jpg\" alt=\"\" class=\"wp-image-7630\" style=\"width:auto;height:200px\" srcset=\"https:\/\/www.agv44.org\/site\/wp-content\/uploads\/2025\/10\/annecy.jpg 474w, https:\/\/www.agv44.org\/site\/wp-content\/uploads\/2025\/10\/annecy-300x201.jpg 300w\" sizes=\"auto, (max-width: 474px) 100vw, 474px\" \/><\/figure>\n<\/div>\n\n\n\n<div class=\"wp-block-group is-nowrap is-layout-flex wp-container-core-group-is-layout-5 wp-block-group-is-layout-flex\">\n<p class=\"has-text-align-center\">Avant l&rsquo;hiver, les Marmottes de Savoie ont organis\u00e9 pour leur 20e anniversaire leur forum les 18 et 19 Octobre 2025, occasion de prendre de nouveaux contacts.<\/p>\n<\/div>\n\n\n\n<hr class=\"wp-block-separator has-alpha-channel-opacity\"\/>\n\n\n\n<p class=\"has-text-align-center has-text-color has-link-color wp-elements-ad40ffdaf641e3a84ae7fb031f24301c\" style=\"color:#322598\"><strong>Remise de tables \u00e0 Mouzillon<\/strong><\/p>\n\n\n\n<figure class=\"wp-block-gallery has-nested-images columns-default is-cropped wp-block-gallery-4 is-layout-flex wp-block-gallery-is-layout-flex\">\n<figure class=\"wp-block-image size-large\"><img loading=\"lazy\" decoding=\"async\" width=\"768\" height=\"1024\" data-id=\"7599\" src=\"https:\/\/www.agv44.org\/site\/wp-content\/uploads\/2025\/10\/Image7-768x1024.jpg\" alt=\"\" class=\"wp-image-7599\" srcset=\"https:\/\/www.agv44.org\/site\/wp-content\/uploads\/2025\/10\/Image7-768x1024.jpg 768w, https:\/\/www.agv44.org\/site\/wp-content\/uploads\/2025\/10\/Image7-225x300.jpg 225w, https:\/\/www.agv44.org\/site\/wp-content\/uploads\/2025\/10\/Image7-1152x1536.jpg 1152w, https:\/\/www.agv44.org\/site\/wp-content\/uploads\/2025\/10\/Image7-676x901.jpg 676w, https:\/\/www.agv44.org\/site\/wp-content\/uploads\/2025\/10\/Image7.jpg 1530w\" sizes=\"auto, (max-width: 768px) 100vw, 768px\" \/><\/figure>\n\n\n\n<figure class=\"wp-block-image size-large\"><a href=\"https:\/\/www.agv44.org\/site\/les-forums-de-genealogie\/\"><img loading=\"lazy\" decoding=\"async\" width=\"1024\" height=\"1011\" data-id=\"7600\" src=\"https:\/\/www.agv44.org\/site\/wp-content\/uploads\/2025\/10\/Image11-1-1024x1011.jpg\" alt=\"\" class=\"wp-image-7600\" srcset=\"https:\/\/www.agv44.org\/site\/wp-content\/uploads\/2025\/10\/Image11-1-1024x1011.jpg 1024w, https:\/\/www.agv44.org\/site\/wp-content\/uploads\/2025\/10\/Image11-1-300x296.jpg 300w, https:\/\/www.agv44.org\/site\/wp-content\/uploads\/2025\/10\/Image11-1-768x758.jpg 768w, https:\/\/www.agv44.org\/site\/wp-content\/uploads\/2025\/10\/Image11-1-676x668.jpg 676w, https:\/\/www.agv44.org\/site\/wp-content\/uploads\/2025\/10\/Image11-1.jpg 1048w\" sizes=\"auto, (max-width: 1024px) 100vw, 1024px\" \/><\/a><\/figure>\n\n\n\n<figure class=\"wp-block-image size-large\"><img loading=\"lazy\" decoding=\"async\" width=\"450\" height=\"600\" data-id=\"7594\" src=\"https:\/\/www.agv44.org\/site\/wp-content\/uploads\/2025\/10\/563986630_1332672022202511_9124165068447454782_n.jpg\" alt=\"\" class=\"wp-image-7594\" srcset=\"https:\/\/www.agv44.org\/site\/wp-content\/uploads\/2025\/10\/563986630_1332672022202511_9124165068447454782_n.jpg 450w, https:\/\/www.agv44.org\/site\/wp-content\/uploads\/2025\/10\/563986630_1332672022202511_9124165068447454782_n-225x300.jpg 225w\" sizes=\"auto, (max-width: 450px) 100vw, 450px\" \/><\/figure>\n<\/figure>\n\n\n\n<hr class=\"wp-block-separator has-alpha-channel-opacity\"\/>\n\n\n\n<figure class=\"wp-block-gallery has-nested-images columns-default is-cropped wp-block-gallery-5 is-layout-flex wp-block-gallery-is-layout-flex\">\n<figure class=\"wp-block-image size-large\"><img loading=\"lazy\" decoding=\"async\" width=\"1024\" height=\"707\" data-id=\"7573\" src=\"https:\/\/www.agv44.org\/site\/wp-content\/uploads\/2025\/10\/st-gildas-de-rhuys-1-1024x707.jpg\" alt=\"\" class=\"wp-image-7573\" srcset=\"https:\/\/www.agv44.org\/site\/wp-content\/uploads\/2025\/10\/st-gildas-de-rhuys-1-1024x707.jpg 1024w, https:\/\/www.agv44.org\/site\/wp-content\/uploads\/2025\/10\/st-gildas-de-rhuys-1-300x207.jpg 300w, https:\/\/www.agv44.org\/site\/wp-content\/uploads\/2025\/10\/st-gildas-de-rhuys-1-768x530.jpg 768w, https:\/\/www.agv44.org\/site\/wp-content\/uploads\/2025\/10\/st-gildas-de-rhuys-1-676x467.jpg 676w, https:\/\/www.agv44.org\/site\/wp-content\/uploads\/2025\/10\/st-gildas-de-rhuys-1.jpg 1332w\" sizes=\"auto, (max-width: 1024px) 100vw, 1024px\" \/><\/figure>\n\n\n\n<figure class=\"wp-block-image size-large\"><img loading=\"lazy\" decoding=\"async\" width=\"1024\" height=\"850\" data-id=\"7574\" src=\"https:\/\/www.agv44.org\/site\/wp-content\/uploads\/2025\/10\/sonneurs-1024x850.jpg\" alt=\"\" class=\"wp-image-7574\" srcset=\"https:\/\/www.agv44.org\/site\/wp-content\/uploads\/2025\/10\/sonneurs-1024x850.jpg 1024w, https:\/\/www.agv44.org\/site\/wp-content\/uploads\/2025\/10\/sonneurs-300x249.jpg 300w, https:\/\/www.agv44.org\/site\/wp-content\/uploads\/2025\/10\/sonneurs-768x637.jpg 768w, https:\/\/www.agv44.org\/site\/wp-content\/uploads\/2025\/10\/sonneurs-1536x1275.jpg 1536w, https:\/\/www.agv44.org\/site\/wp-content\/uploads\/2025\/10\/sonneurs-676x561.jpg 676w, https:\/\/www.agv44.org\/site\/wp-content\/uploads\/2025\/10\/sonneurs.jpg 1587w\" sizes=\"auto, (max-width: 1024px) 100vw, 1024px\" \/><\/figure>\n\n\n\n<figure class=\"wp-block-image size-large\"><img loading=\"lazy\" decoding=\"async\" width=\"1024\" height=\"768\" data-id=\"7568\" src=\"https:\/\/www.agv44.org\/site\/wp-content\/uploads\/2025\/10\/temp_file_1760175542776-1024x768.jpg\" alt=\"\" class=\"wp-image-7568\" srcset=\"https:\/\/www.agv44.org\/site\/wp-content\/uploads\/2025\/10\/temp_file_1760175542776-1024x768.jpg 1024w, https:\/\/www.agv44.org\/site\/wp-content\/uploads\/2025\/10\/temp_file_1760175542776-300x225.jpg 300w, https:\/\/www.agv44.org\/site\/wp-content\/uploads\/2025\/10\/temp_file_1760175542776-768x576.jpg 768w, https:\/\/www.agv44.org\/site\/wp-content\/uploads\/2025\/10\/temp_file_1760175542776-1536x1152.jpg 1536w, https:\/\/www.agv44.org\/site\/wp-content\/uploads\/2025\/10\/temp_file_1760175542776-676x507.jpg 676w, https:\/\/www.agv44.org\/site\/wp-content\/uploads\/2025\/10\/temp_file_1760175542776.jpg 2048w\" sizes=\"auto, (max-width: 1024px) 100vw, 1024px\" \/><\/figure>\n<\/figure>\n\n\n\n<div class=\"wp-block-group is-nowrap is-layout-flex wp-container-core-group-is-layout-8 wp-block-group-is-layout-flex\">\n<p>Saint-Gildas de Rhuys nous a re\u00e7u dans la presqu&rsquo;\u00eele \u00e9ponyme les 11 et 12 Octobre 2025.<\/p>\n\n\n\n<div class=\"wp-block-group is-nowrap is-layout-flex wp-container-core-group-is-layout-7 wp-block-group-is-layout-flex\">\n<div class=\"wp-block-group is-layout-grid wp-container-core-group-is-layout-6 wp-block-group-is-layout-grid\"><\/div>\n<\/div>\n<\/div>\n\n\n\n<hr class=\"wp-block-separator has-alpha-channel-opacity\"\/>\n\n\n\n<figure class=\"wp-block-gallery has-nested-images columns-default is-cropped wp-block-gallery-6 is-layout-flex wp-block-gallery-is-layout-flex\">\n<figure class=\"wp-block-image size-large\"><img loading=\"lazy\" decoding=\"async\" width=\"1024\" height=\"682\" data-id=\"7556\" src=\"https:\/\/www.agv44.org\/site\/wp-content\/uploads\/2025\/10\/luneville01-1024x682.jpg\" alt=\"\" class=\"wp-image-7556\" srcset=\"https:\/\/www.agv44.org\/site\/wp-content\/uploads\/2025\/10\/luneville01-1024x682.jpg 1024w, https:\/\/www.agv44.org\/site\/wp-content\/uploads\/2025\/10\/luneville01-300x200.jpg 300w, https:\/\/www.agv44.org\/site\/wp-content\/uploads\/2025\/10\/luneville01-768x512.jpg 768w, https:\/\/www.agv44.org\/site\/wp-content\/uploads\/2025\/10\/luneville01-676x450.jpg 676w, https:\/\/www.agv44.org\/site\/wp-content\/uploads\/2025\/10\/luneville01.jpg 1280w\" sizes=\"auto, (max-width: 1024px) 100vw, 1024px\" \/><\/figure>\n\n\n\n<figure class=\"wp-block-image size-large\"><img loading=\"lazy\" decoding=\"async\" width=\"1024\" height=\"576\" data-id=\"7557\" src=\"https:\/\/www.agv44.org\/site\/wp-content\/uploads\/2025\/10\/luneville02-1024x576.jpg\" alt=\"\" class=\"wp-image-7557\" srcset=\"https:\/\/www.agv44.org\/site\/wp-content\/uploads\/2025\/10\/luneville02-1024x576.jpg 1024w, https:\/\/www.agv44.org\/site\/wp-content\/uploads\/2025\/10\/luneville02-300x169.jpg 300w, https:\/\/www.agv44.org\/site\/wp-content\/uploads\/2025\/10\/luneville02-768x432.jpg 768w, https:\/\/www.agv44.org\/site\/wp-content\/uploads\/2025\/10\/luneville02-676x380.jpg 676w, https:\/\/www.agv44.org\/site\/wp-content\/uploads\/2025\/10\/luneville02.jpg 1280w\" sizes=\"auto, (max-width: 1024px) 100vw, 1024px\" \/><\/figure>\n\n\n\n<figure class=\"wp-block-image size-large\"><img loading=\"lazy\" decoding=\"async\" width=\"768\" height=\"432\" data-id=\"7555\" src=\"https:\/\/www.agv44.org\/site\/wp-content\/uploads\/2025\/10\/3175306295580969255.jpg\" alt=\"\" class=\"wp-image-7555\" srcset=\"https:\/\/www.agv44.org\/site\/wp-content\/uploads\/2025\/10\/3175306295580969255.jpg 768w, https:\/\/www.agv44.org\/site\/wp-content\/uploads\/2025\/10\/3175306295580969255-300x169.jpg 300w, https:\/\/www.agv44.org\/site\/wp-content\/uploads\/2025\/10\/3175306295580969255-676x380.jpg 676w\" sizes=\"auto, (max-width: 768px) 100vw, 768px\" \/><\/figure>\n<\/figure>\n\n\n\n<div class=\"wp-block-group\"><div class=\"wp-block-group__inner-container is-layout-constrained wp-block-group-is-layout-constrained\">\n<p class=\"has-text-align-center\">Les 4 et 5 octobre 2025 la Lorraine nous ouvrait ses portes en nous accueillant \u00e0 Lun\u00e9ville, parmi ses 63 exposants.<\/p>\n<\/div><\/div>\n\n\n\n<hr class=\"wp-block-separator has-alpha-channel-opacity\"\/>\n\n\n\n<div class=\"wp-block-group\"><div class=\"wp-block-group__inner-container is-layout-constrained wp-block-group-is-layout-constrained\">\n<p class=\"has-text-align-center\">Les 27 et 28 Septembre 2025 nous avons rencontr\u00e9 les g\u00e9n\u00e9alogistes du Nord \u00e0  Escaudoeuvres.<\/p>\n\n\n\n<div class=\"wp-block-group is-content-justification-center is-nowrap is-layout-flex wp-container-core-group-is-layout-10 wp-block-group-is-layout-flex\">\n<figure class=\"wp-block-image size-full is-resized\"><img loading=\"lazy\" decoding=\"async\" width=\"474\" height=\"355\" src=\"https:\/\/www.agv44.org\/site\/wp-content\/uploads\/2025\/10\/mairie-escaudoeuvres.jpg\" alt=\"\" class=\"wp-image-7626\" style=\"width:291px;height:auto\" srcset=\"https:\/\/www.agv44.org\/site\/wp-content\/uploads\/2025\/10\/mairie-escaudoeuvres.jpg 474w, https:\/\/www.agv44.org\/site\/wp-content\/uploads\/2025\/10\/mairie-escaudoeuvres-300x225.jpg 300w\" sizes=\"auto, (max-width: 474px) 100vw, 474px\" \/><\/figure>\n\n\n\n<figure class=\"wp-block-image size-large is-resized\"><img loading=\"lazy\" decoding=\"async\" width=\"1024\" height=\"742\" src=\"https:\/\/www.agv44.org\/site\/wp-content\/uploads\/2025\/09\/escaudoeuvre-1024x742.jpg\" alt=\"\" class=\"wp-image-7548\" style=\"width:304px;height:auto\" srcset=\"https:\/\/www.agv44.org\/site\/wp-content\/uploads\/2025\/09\/escaudoeuvre-1024x742.jpg 1024w, https:\/\/www.agv44.org\/site\/wp-content\/uploads\/2025\/09\/escaudoeuvre-300x217.jpg 300w, https:\/\/www.agv44.org\/site\/wp-content\/uploads\/2025\/09\/escaudoeuvre-768x556.jpg 768w, https:\/\/www.agv44.org\/site\/wp-content\/uploads\/2025\/09\/escaudoeuvre-1536x1113.jpg 1536w, https:\/\/www.agv44.org\/site\/wp-content\/uploads\/2025\/09\/escaudoeuvre-2048x1483.jpg 2048w, https:\/\/www.agv44.org\/site\/wp-content\/uploads\/2025\/09\/escaudoeuvre-676x490.jpg 676w\" sizes=\"auto, (max-width: 1024px) 100vw, 1024px\" \/><\/figure>\n<\/div>\n<\/div><\/div>\n\n\n\n<hr class=\"wp-block-separator has-alpha-channel-opacity\"\/>\n\n\n\n<p class=\"has-text-align-center\">Les 19 et 20 Juillet 2025 l&rsquo;APROGEMERE nous a re\u00e7u \u00e0 Vic sur C\u00e8re.<\/p>\n\n\n\n<figure class=\"wp-block-gallery has-nested-images columns-default is-cropped wp-block-gallery-7 is-layout-flex wp-block-gallery-is-layout-flex\">\n<figure class=\"wp-block-image size-large\"><img loading=\"lazy\" decoding=\"async\" width=\"418\" height=\"386\" data-id=\"7496\" src=\"https:\/\/www.agv44.org\/site\/wp-content\/uploads\/2025\/07\/vicq00.jpg\" alt=\"\" class=\"wp-image-7496\" srcset=\"https:\/\/www.agv44.org\/site\/wp-content\/uploads\/2025\/07\/vicq00.jpg 418w, https:\/\/www.agv44.org\/site\/wp-content\/uploads\/2025\/07\/vicq00-300x277.jpg 300w\" sizes=\"auto, (max-width: 418px) 100vw, 418px\" \/><\/figure>\n\n\n\n<figure class=\"wp-block-image size-large\"><img loading=\"lazy\" decoding=\"async\" width=\"1024\" height=\"576\" data-id=\"7497\" src=\"https:\/\/www.agv44.org\/site\/wp-content\/uploads\/2025\/07\/2025.20.07--1024x576.jpg\" alt=\"\" class=\"wp-image-7497\" srcset=\"https:\/\/www.agv44.org\/site\/wp-content\/uploads\/2025\/07\/2025.20.07--1024x576.jpg 1024w, https:\/\/www.agv44.org\/site\/wp-content\/uploads\/2025\/07\/2025.20.07--300x169.jpg 300w, https:\/\/www.agv44.org\/site\/wp-content\/uploads\/2025\/07\/2025.20.07--768x432.jpg 768w, https:\/\/www.agv44.org\/site\/wp-content\/uploads\/2025\/07\/2025.20.07--676x380.jpg 676w, https:\/\/www.agv44.org\/site\/wp-content\/uploads\/2025\/07\/2025.20.07-.jpg 1084w\" sizes=\"auto, (max-width: 1024px) 100vw, 1024px\" \/><\/figure>\n\n\n\n<figure class=\"wp-block-image size-large\"><img loading=\"lazy\" decoding=\"async\" width=\"1024\" height=\"706\" data-id=\"7561\" src=\"https:\/\/www.agv44.org\/site\/wp-content\/uploads\/2025\/10\/vic02-1024x706.jpg\" alt=\"\" class=\"wp-image-7561\" srcset=\"https:\/\/www.agv44.org\/site\/wp-content\/uploads\/2025\/10\/vic02-1024x706.jpg 1024w, https:\/\/www.agv44.org\/site\/wp-content\/uploads\/2025\/10\/vic02-300x207.jpg 300w, https:\/\/www.agv44.org\/site\/wp-content\/uploads\/2025\/10\/vic02-768x530.jpg 768w, https:\/\/www.agv44.org\/site\/wp-content\/uploads\/2025\/10\/vic02-676x466.jpg 676w, https:\/\/www.agv44.org\/site\/wp-content\/uploads\/2025\/10\/vic02.jpg 1328w\" sizes=\"auto, (max-width: 1024px) 100vw, 1024px\" \/><\/figure>\n<\/figure>\n\n\n\n<p>Le salon s&rsquo;est tr\u00e8s bien pass\u00e9 et nous avons pu renseigner plusieurs g\u00e9n\u00e9alogistes auvergnats qui recherchaient leurs anc\u00eatres  dans la r\u00e9gion nantaise.<\/p>\n\n\n\n<hr class=\"wp-block-separator has-alpha-channel-opacity\"\/>\n\n\n\n<p class=\"has-text-align-center has-text-color has-link-color wp-elements-58b31d4e795914cb0ea5978ca83461a0\" style=\"color:#4527a8\"><strong>Les Mots Passants \u00e0 Geneston<\/strong><\/p>\n\n\n<div class=\"wp-block-image\">\n<figure class=\"aligncenter size-large is-resized\"><img loading=\"lazy\" decoding=\"async\" width=\"1024\" height=\"683\" src=\"https:\/\/www.agv44.org\/site\/wp-content\/uploads\/2025\/07\/mots-passants-1024x683.jpg\" alt=\"\" class=\"wp-image-7504\" style=\"width:331px;height:auto\" srcset=\"https:\/\/www.agv44.org\/site\/wp-content\/uploads\/2025\/07\/mots-passants-1024x683.jpg 1024w, https:\/\/www.agv44.org\/site\/wp-content\/uploads\/2025\/07\/mots-passants-300x200.jpg 300w, https:\/\/www.agv44.org\/site\/wp-content\/uploads\/2025\/07\/mots-passants-768x512.jpg 768w, https:\/\/www.agv44.org\/site\/wp-content\/uploads\/2025\/07\/mots-passants-1536x1024.jpg 1536w, https:\/\/www.agv44.org\/site\/wp-content\/uploads\/2025\/07\/mots-passants-676x451.jpg 676w, https:\/\/www.agv44.org\/site\/wp-content\/uploads\/2025\/07\/mots-passants.jpg 1992w\" sizes=\"auto, (max-width: 1024px) 100vw, 1024px\" \/><\/figure><\/div>\n\n\n<p class=\"has-text-align-center\">Le 28 juin 2025 ,lors d&rsquo;une animation autour de l&rsquo;arbre, nous avons apport\u00e9 notre contribution \u00e0 la Biblioth\u00e8que de Geneston. Ce fut l&rsquo;occasion de rencontrer quelques personnes int\u00e9ress\u00e9es par l&rsquo;\u00e9dification des arbres g\u00e9n\u00e9alogiques.<\/p>\n\n\n\n<hr class=\"wp-block-separator has-alpha-channel-opacity\"\/>\n\n\n\n<div class=\"wp-block-group\"><div class=\"wp-block-group__inner-container is-layout-constrained wp-block-group-is-layout-constrained\">\n<figure class=\"wp-block-gallery aligncenter has-nested-images columns-default is-cropped wp-block-gallery-8 is-layout-flex wp-block-gallery-is-layout-flex\">\n<figure class=\"wp-block-image size-large\"><img loading=\"lazy\" decoding=\"async\" width=\"1012\" height=\"1024\" src=\"https:\/\/www.agv44.org\/site\/wp-content\/uploads\/2025\/04\/Coignieres-salle-1012x1024.jpg\" alt=\"\" class=\"wp-image-7416\" srcset=\"https:\/\/www.agv44.org\/site\/wp-content\/uploads\/2025\/04\/Coignieres-salle-1012x1024.jpg 1012w, https:\/\/www.agv44.org\/site\/wp-content\/uploads\/2025\/04\/Coignieres-salle-297x300.jpg 297w, https:\/\/www.agv44.org\/site\/wp-content\/uploads\/2025\/04\/Coignieres-salle-768x777.jpg 768w, https:\/\/www.agv44.org\/site\/wp-content\/uploads\/2025\/04\/Coignieres-salle-1518x1536.jpg 1518w, https:\/\/www.agv44.org\/site\/wp-content\/uploads\/2025\/04\/Coignieres-salle-2025x2048.jpg 2025w, https:\/\/www.agv44.org\/site\/wp-content\/uploads\/2025\/04\/Coignieres-salle-676x684.jpg 676w\" sizes=\"auto, (max-width: 1012px) 100vw, 1012px\" \/><\/figure>\n\n\n\n<figure class=\"wp-block-image size-large\"><img loading=\"lazy\" decoding=\"async\" width=\"1024\" height=\"853\" src=\"https:\/\/www.agv44.org\/site\/wp-content\/uploads\/2025\/04\/Coignieres-04.2025-1024x853.jpg\" alt=\"\" class=\"wp-image-7415\" srcset=\"https:\/\/www.agv44.org\/site\/wp-content\/uploads\/2025\/04\/Coignieres-04.2025-1024x853.jpg 1024w, https:\/\/www.agv44.org\/site\/wp-content\/uploads\/2025\/04\/Coignieres-04.2025-300x250.jpg 300w, https:\/\/www.agv44.org\/site\/wp-content\/uploads\/2025\/04\/Coignieres-04.2025-768x639.jpg 768w, https:\/\/www.agv44.org\/site\/wp-content\/uploads\/2025\/04\/Coignieres-04.2025-676x563.jpg 676w, https:\/\/www.agv44.org\/site\/wp-content\/uploads\/2025\/04\/Coignieres-04.2025.jpg 1242w\" sizes=\"auto, (max-width: 1024px) 100vw, 1024px\" \/><\/figure>\n\n\n\n<figure class=\"wp-block-image size-large\"><img loading=\"lazy\" decoding=\"async\" width=\"762\" height=\"501\" src=\"https:\/\/www.agv44.org\/site\/wp-content\/uploads\/2025\/10\/coignieres02.jpg\" alt=\"\" class=\"wp-image-7563\" srcset=\"https:\/\/www.agv44.org\/site\/wp-content\/uploads\/2025\/10\/coignieres02.jpg 762w, https:\/\/www.agv44.org\/site\/wp-content\/uploads\/2025\/10\/coignieres02-300x197.jpg 300w, https:\/\/www.agv44.org\/site\/wp-content\/uploads\/2025\/10\/coignieres02-676x444.jpg 676w\" sizes=\"auto, (max-width: 762px) 100vw, 762px\" \/><\/figure>\n<\/figure>\n\n\n\n<p class=\"has-text-align-center\">Vive le  printemps, \u00e0 Coigni\u00e8res les 26 et 27 avril 2025 pour le premier salon organis\u00e9 par le Fil d\u2019Ariane. 400 visiteurs bien re\u00e7us et pr\u00eats \u00e0 renouveler l&rsquo;exp\u00e9rience.<\/p>\n<\/div><\/div>\n\n\n\n<hr class=\"wp-block-separator has-alpha-channel-opacity\"\/>\n\n\n<div class=\"wp-block-image\">\n<figure class=\"aligncenter size-full is-resized\"><img loading=\"lazy\" decoding=\"async\" width=\"375\" height=\"179\" src=\"https:\/\/www.agv44.org\/site\/wp-content\/uploads\/2025\/04\/IMG_20250424_091859b.jpg\" alt=\"\" class=\"wp-image-7404\" style=\"width:216px;height:auto\" srcset=\"https:\/\/www.agv44.org\/site\/wp-content\/uploads\/2025\/04\/IMG_20250424_091859b.jpg 375w, https:\/\/www.agv44.org\/site\/wp-content\/uploads\/2025\/04\/IMG_20250424_091859b-300x143.jpg 300w\" sizes=\"auto, (max-width: 375px) 100vw, 375px\" \/><\/figure><\/div>\n\n\n<p class=\"has-text-align-center\">Le 24 avril 2025, une vingtaine de nos adh\u00e9rents ont eu l&rsquo;opportunit\u00e9 de visiter les archives diplomatiques qui sont d\u00e9pos\u00e9es \u00e0 Nantes.<\/p>\n\n\n\n<figure class=\"wp-block-gallery has-nested-images columns-default is-cropped wp-block-gallery-9 is-layout-flex wp-block-gallery-is-layout-flex\">\n<figure class=\"wp-block-image size-large\"><img loading=\"lazy\" decoding=\"async\" width=\"1024\" height=\"576\" data-id=\"7401\" src=\"https:\/\/www.agv44.org\/site\/wp-content\/uploads\/2025\/04\/IMG_20250424_094955-1024x576.jpg\" alt=\"\" class=\"wp-image-7401\" srcset=\"https:\/\/www.agv44.org\/site\/wp-content\/uploads\/2025\/04\/IMG_20250424_094955-1024x576.jpg 1024w, https:\/\/www.agv44.org\/site\/wp-content\/uploads\/2025\/04\/IMG_20250424_094955-300x169.jpg 300w, https:\/\/www.agv44.org\/site\/wp-content\/uploads\/2025\/04\/IMG_20250424_094955-768x432.jpg 768w, https:\/\/www.agv44.org\/site\/wp-content\/uploads\/2025\/04\/IMG_20250424_094955-1536x864.jpg 1536w, https:\/\/www.agv44.org\/site\/wp-content\/uploads\/2025\/04\/IMG_20250424_094955-676x380.jpg 676w, https:\/\/www.agv44.org\/site\/wp-content\/uploads\/2025\/04\/IMG_20250424_094955.jpg 1716w\" sizes=\"auto, (max-width: 1024px) 100vw, 1024px\" \/><\/figure>\n\n\n\n<figure class=\"wp-block-image size-large\"><img loading=\"lazy\" decoding=\"async\" width=\"1024\" height=\"609\" data-id=\"7399\" src=\"https:\/\/www.agv44.org\/site\/wp-content\/uploads\/2025\/04\/IMG_20250424_111007-1024x609.jpg\" alt=\"\" class=\"wp-image-7399\" srcset=\"https:\/\/www.agv44.org\/site\/wp-content\/uploads\/2025\/04\/IMG_20250424_111007-1024x609.jpg 1024w, https:\/\/www.agv44.org\/site\/wp-content\/uploads\/2025\/04\/IMG_20250424_111007-300x178.jpg 300w, https:\/\/www.agv44.org\/site\/wp-content\/uploads\/2025\/04\/IMG_20250424_111007-768x457.jpg 768w, https:\/\/www.agv44.org\/site\/wp-content\/uploads\/2025\/04\/IMG_20250424_111007-1536x913.jpg 1536w, https:\/\/www.agv44.org\/site\/wp-content\/uploads\/2025\/04\/IMG_20250424_111007-676x402.jpg 676w, https:\/\/www.agv44.org\/site\/wp-content\/uploads\/2025\/04\/IMG_20250424_111007.jpg 1958w\" sizes=\"auto, (max-width: 1024px) 100vw, 1024px\" \/><\/figure>\n\n\n\n<figure class=\"wp-block-image size-large\"><img loading=\"lazy\" decoding=\"async\" width=\"1024\" height=\"742\" data-id=\"7398\" src=\"https:\/\/www.agv44.org\/site\/wp-content\/uploads\/2025\/04\/IMG_20250424_111043-1024x742.jpg\" alt=\"\" class=\"wp-image-7398\" srcset=\"https:\/\/www.agv44.org\/site\/wp-content\/uploads\/2025\/04\/IMG_20250424_111043-1024x742.jpg 1024w, https:\/\/www.agv44.org\/site\/wp-content\/uploads\/2025\/04\/IMG_20250424_111043-300x217.jpg 300w, https:\/\/www.agv44.org\/site\/wp-content\/uploads\/2025\/04\/IMG_20250424_111043-768x556.jpg 768w, https:\/\/www.agv44.org\/site\/wp-content\/uploads\/2025\/04\/IMG_20250424_111043-676x490.jpg 676w, https:\/\/www.agv44.org\/site\/wp-content\/uploads\/2025\/04\/IMG_20250424_111043.jpg 1044w\" sizes=\"auto, (max-width: 1024px) 100vw, 1024px\" \/><\/figure>\n\n\n\n<figure class=\"wp-block-image size-large\"><img loading=\"lazy\" decoding=\"async\" width=\"1024\" height=\"723\" data-id=\"7400\" src=\"https:\/\/www.agv44.org\/site\/wp-content\/uploads\/2025\/04\/IMG_20250424_111512-1024x723.jpg\" alt=\"\" class=\"wp-image-7400\" srcset=\"https:\/\/www.agv44.org\/site\/wp-content\/uploads\/2025\/04\/IMG_20250424_111512-1024x723.jpg 1024w, https:\/\/www.agv44.org\/site\/wp-content\/uploads\/2025\/04\/IMG_20250424_111512-300x212.jpg 300w, https:\/\/www.agv44.org\/site\/wp-content\/uploads\/2025\/04\/IMG_20250424_111512-768x542.jpg 768w, https:\/\/www.agv44.org\/site\/wp-content\/uploads\/2025\/04\/IMG_20250424_111512-1536x1084.jpg 1536w, https:\/\/www.agv44.org\/site\/wp-content\/uploads\/2025\/04\/IMG_20250424_111512-676x477.jpg 676w, https:\/\/www.agv44.org\/site\/wp-content\/uploads\/2025\/04\/IMG_20250424_111512.jpg 1618w\" sizes=\"auto, (max-width: 1024px) 100vw, 1024px\" \/><\/figure>\n\n\n\n<figure class=\"wp-block-image size-large\"><img loading=\"lazy\" decoding=\"async\" width=\"1024\" height=\"576\" data-id=\"7402\" src=\"https:\/\/www.agv44.org\/site\/wp-content\/uploads\/2025\/04\/IMG_20250424_113746-1024x576.jpg\" alt=\"\" class=\"wp-image-7402\" srcset=\"https:\/\/www.agv44.org\/site\/wp-content\/uploads\/2025\/04\/IMG_20250424_113746-1024x576.jpg 1024w, https:\/\/www.agv44.org\/site\/wp-content\/uploads\/2025\/04\/IMG_20250424_113746-300x169.jpg 300w, https:\/\/www.agv44.org\/site\/wp-content\/uploads\/2025\/04\/IMG_20250424_113746-768x432.jpg 768w, https:\/\/www.agv44.org\/site\/wp-content\/uploads\/2025\/04\/IMG_20250424_113746-1536x864.jpg 1536w, https:\/\/www.agv44.org\/site\/wp-content\/uploads\/2025\/04\/IMG_20250424_113746-2048x1152.jpg 2048w, https:\/\/www.agv44.org\/site\/wp-content\/uploads\/2025\/04\/IMG_20250424_113746-676x380.jpg 676w\" sizes=\"auto, (max-width: 1024px) 100vw, 1024px\" \/><\/figure>\n\n\n\n<figure class=\"wp-block-image size-large\"><img loading=\"lazy\" decoding=\"async\" width=\"1024\" height=\"576\" data-id=\"7403\" src=\"https:\/\/www.agv44.org\/site\/wp-content\/uploads\/2025\/04\/IMG_20250424_115347-1024x576.jpg\" alt=\"\" class=\"wp-image-7403\" srcset=\"https:\/\/www.agv44.org\/site\/wp-content\/uploads\/2025\/04\/IMG_20250424_115347-1024x576.jpg 1024w, https:\/\/www.agv44.org\/site\/wp-content\/uploads\/2025\/04\/IMG_20250424_115347-300x169.jpg 300w, https:\/\/www.agv44.org\/site\/wp-content\/uploads\/2025\/04\/IMG_20250424_115347-768x432.jpg 768w, https:\/\/www.agv44.org\/site\/wp-content\/uploads\/2025\/04\/IMG_20250424_115347-1536x864.jpg 1536w, https:\/\/www.agv44.org\/site\/wp-content\/uploads\/2025\/04\/IMG_20250424_115347-2048x1152.jpg 2048w, https:\/\/www.agv44.org\/site\/wp-content\/uploads\/2025\/04\/IMG_20250424_115347-676x380.jpg 676w\" sizes=\"auto, (max-width: 1024px) 100vw, 1024px\" \/><\/figure>\n<\/figure>\n\n\n\n<hr class=\"wp-block-separator has-css-opacity\"\/>\n\n\n\n<p class=\"has-text-align-center has-text-color has-link-color wp-elements-5799bdea0986c2f7fe4d2a583eec61bb\" style=\"color:#da2a2a;font-size:51px\"><strong>La Biennale 2025<\/strong><\/p>\n\n\n<div class=\"wp-block-image\">\n<figure class=\"aligncenter size-large is-resized\"><a href=\"https:\/\/www.agv44.org\/site\/biennale-2025\/\"><img loading=\"lazy\" decoding=\"async\" width=\"724\" height=\"1024\" src=\"https:\/\/www.agv44.org\/site\/wp-content\/uploads\/2024\/10\/biennale_2024-comme-2023-25-724x1024.jpg\" alt=\"\" class=\"wp-image-6932\" style=\"width:335px;height:auto\" srcset=\"https:\/\/www.agv44.org\/site\/wp-content\/uploads\/2024\/10\/biennale_2024-comme-2023-25-724x1024.jpg 724w, https:\/\/www.agv44.org\/site\/wp-content\/uploads\/2024\/10\/biennale_2024-comme-2023-25-212x300.jpg 212w, https:\/\/www.agv44.org\/site\/wp-content\/uploads\/2024\/10\/biennale_2024-comme-2023-25-768x1087.jpg 768w, https:\/\/www.agv44.org\/site\/wp-content\/uploads\/2024\/10\/biennale_2024-comme-2023-25-676x957.jpg 676w, https:\/\/www.agv44.org\/site\/wp-content\/uploads\/2024\/10\/biennale_2024-comme-2023-25.jpg 877w\" sizes=\"auto, (max-width: 724px) 100vw, 724px\" \/><\/a><\/figure><\/div>\n\n\n<p class=\"has-text-align-center\">Le th\u00e8me de l&rsquo;exposition fut cette ann\u00e9e une r\u00e9trospective des moyens de transport sur le territoire vertavien.<\/p>\n\n\n<div class=\"wp-block-image\">\n<figure class=\"aligncenter size-large is-resized\"><img loading=\"lazy\" decoding=\"async\" width=\"1024\" height=\"649\" src=\"https:\/\/www.agv44.org\/site\/wp-content\/uploads\/2024\/09\/Vertou-083-ff-1024x649.jpg\" alt=\"\" class=\"wp-image-6853\" style=\"width:308px;height:195px\" srcset=\"https:\/\/www.agv44.org\/site\/wp-content\/uploads\/2024\/09\/Vertou-083-ff-1024x649.jpg 1024w, https:\/\/www.agv44.org\/site\/wp-content\/uploads\/2024\/09\/Vertou-083-ff-300x190.jpg 300w, https:\/\/www.agv44.org\/site\/wp-content\/uploads\/2024\/09\/Vertou-083-ff-768x486.jpg 768w, https:\/\/www.agv44.org\/site\/wp-content\/uploads\/2024\/09\/Vertou-083-ff-1536x973.jpg 1536w, https:\/\/www.agv44.org\/site\/wp-content\/uploads\/2024\/09\/Vertou-083-ff-676x428.jpg 676w, https:\/\/www.agv44.org\/site\/wp-content\/uploads\/2024\/09\/Vertou-083-ff.jpg 1732w\" sizes=\"auto, (max-width: 1024px) 100vw, 1024px\" \/><\/figure><\/div>\n\n\n<p class=\"has-text-align-center\"><a href=\"https:\/\/www.agv44.org\/site\/biennale-2025\/\">VOIR la SUITE<\/a><\/p>\n\n\n\n<hr class=\"wp-block-separator has-alpha-channel-opacity\"\/>\n\n\n<div class=\"wp-block-image\">\n<figure class=\"aligncenter size-large is-resized\"><img loading=\"lazy\" decoding=\"async\" width=\"1024\" height=\"715\" src=\"https:\/\/www.agv44.org\/site\/wp-content\/uploads\/2025\/02\/briecomterobert-fev25-1024x715.jpg\" alt=\"\" class=\"wp-image-7147\" style=\"width:374px;height:auto\" srcset=\"https:\/\/www.agv44.org\/site\/wp-content\/uploads\/2025\/02\/briecomterobert-fev25-1024x715.jpg 1024w, https:\/\/www.agv44.org\/site\/wp-content\/uploads\/2025\/02\/briecomterobert-fev25-300x210.jpg 300w, https:\/\/www.agv44.org\/site\/wp-content\/uploads\/2025\/02\/briecomterobert-fev25-768x536.jpg 768w, https:\/\/www.agv44.org\/site\/wp-content\/uploads\/2025\/02\/briecomterobert-fev25-1536x1073.jpg 1536w, https:\/\/www.agv44.org\/site\/wp-content\/uploads\/2025\/02\/briecomterobert-fev25-2048x1430.jpg 2048w, https:\/\/www.agv44.org\/site\/wp-content\/uploads\/2025\/02\/briecomterobert-fev25-676x472.jpg 676w\" sizes=\"auto, (max-width: 1024px) 100vw, 1024px\" \/><\/figure><\/div>\n\n\n<p class=\"has-text-align-center\">A Brie-comte-Robert<strong> <\/strong>(77) les 1-2 f\u00e9vrier 2025 l&rsquo;AGBCR a organis\u00e9 les 18\u00e8me Portes ouvertes sur la g\u00e9n\u00e9alogie.  Nous avons re\u00e7u un bon accueil, et v\u00e9cu de bons contacts pour pr\u00e9parer notre Biennale et envisager la prochaine de 2027.<\/p>\n\n\n\n<hr class=\"wp-block-separator has-css-opacity\"\/>\n\n\n\n<p class=\"has-text-align-center\"><strong>GORGES<\/strong><\/p>\n\n\n<div class=\"wp-block-image\">\n<figure class=\"aligncenter size-large is-resized\"><a href=\"https:\/\/www.agv44.org\/site\/les-forums-de-genealogie\/\"><img loading=\"lazy\" decoding=\"async\" width=\"724\" height=\"1024\" src=\"https:\/\/www.agv44.org\/site\/wp-content\/uploads\/2024\/10\/affiche-Exposition--724x1024.jpg\" alt=\"\" class=\"wp-image-6922\" style=\"width:234px;height:331px\" srcset=\"https:\/\/www.agv44.org\/site\/wp-content\/uploads\/2024\/10\/affiche-Exposition--724x1024.jpg 724w, https:\/\/www.agv44.org\/site\/wp-content\/uploads\/2024\/10\/affiche-Exposition--212x300.jpg 212w, https:\/\/www.agv44.org\/site\/wp-content\/uploads\/2024\/10\/affiche-Exposition--768x1086.jpg 768w, https:\/\/www.agv44.org\/site\/wp-content\/uploads\/2024\/10\/affiche-Exposition--1086x1536.jpg 1086w, https:\/\/www.agv44.org\/site\/wp-content\/uploads\/2024\/10\/affiche-Exposition--1448x2048.jpg 1448w, https:\/\/www.agv44.org\/site\/wp-content\/uploads\/2024\/10\/affiche-Exposition--676x956.jpg 676w, https:\/\/www.agv44.org\/site\/wp-content\/uploads\/2024\/10\/affiche-Exposition-.jpg 1587w\" sizes=\"auto, (max-width: 724px) 100vw, 724px\" \/><\/a><\/figure><\/div>\n\n<div class=\"wp-block-image\">\n<figure class=\"aligncenter size-large is-resized\"><img loading=\"lazy\" decoding=\"async\" width=\"1024\" height=\"594\" src=\"https:\/\/www.agv44.org\/site\/wp-content\/uploads\/2024\/10\/inauguration-1024x594.jpg\" alt=\"\" class=\"wp-image-6950\" style=\"width:357px;height:207px\" srcset=\"https:\/\/www.agv44.org\/site\/wp-content\/uploads\/2024\/10\/inauguration-1024x594.jpg 1024w, https:\/\/www.agv44.org\/site\/wp-content\/uploads\/2024\/10\/inauguration-300x174.jpg 300w, https:\/\/www.agv44.org\/site\/wp-content\/uploads\/2024\/10\/inauguration-768x445.jpg 768w, https:\/\/www.agv44.org\/site\/wp-content\/uploads\/2024\/10\/inauguration-1536x891.jpg 1536w, https:\/\/www.agv44.org\/site\/wp-content\/uploads\/2024\/10\/inauguration-676x392.jpg 676w, https:\/\/www.agv44.org\/site\/wp-content\/uploads\/2024\/10\/inauguration.jpg 1986w\" sizes=\"auto, (max-width: 1024px) 100vw, 1024px\" \/><figcaption class=\"wp-element-caption\">Inauguration le 17 Octobre 2024<\/figcaption><\/figure><\/div>\n\n\n<hr class=\"wp-block-separator has-alpha-channel-opacity\"\/>\n\n\n\n<p class=\"has-text-align-center\"><strong>Du 10 janvier au 4 f\u00e9vrier 2025, \u00e0 la m\u00e9diath\u00e8que Ren\u00e9 Guy Cadou, la commune de Basse-Goulaine nous a convi\u00e9s \u00e0 une sensibilisation \u00e0 la g\u00e9n\u00e9alogie.<\/strong><\/p>\n\n\n<div class=\"wp-block-image\">\n<figure class=\"aligncenter size-large is-resized\"><a href=\"https:\/\/www.agv44.org\/site\/les-forums-de-genealogie\/\"><img loading=\"lazy\" decoding=\"async\" width=\"679\" height=\"1024\" src=\"https:\/\/www.agv44.org\/site\/wp-content\/uploads\/2022\/12\/affiche-1-679x1024.jpg\" alt=\"\" class=\"wp-image-5878\" style=\"object-fit:cover;width:200px;height:283px\" srcset=\"https:\/\/www.agv44.org\/site\/wp-content\/uploads\/2022\/12\/affiche-1-679x1024.jpg 679w, https:\/\/www.agv44.org\/site\/wp-content\/uploads\/2022\/12\/affiche-1-199x300.jpg 199w, https:\/\/www.agv44.org\/site\/wp-content\/uploads\/2022\/12\/affiche-1-768x1158.jpg 768w, https:\/\/www.agv44.org\/site\/wp-content\/uploads\/2022\/12\/affiche-1-1019x1536.jpg 1019w, https:\/\/www.agv44.org\/site\/wp-content\/uploads\/2022\/12\/affiche-1-1358x2048.jpg 1358w, https:\/\/www.agv44.org\/site\/wp-content\/uploads\/2022\/12\/affiche-1-676x1019.jpg 676w, https:\/\/www.agv44.org\/site\/wp-content\/uploads\/2022\/12\/affiche-1.jpg 1549w\" sizes=\"auto, (max-width: 679px) 100vw, 679px\" \/><\/a><\/figure><\/div>\n\n\n<hr class=\"wp-block-separator has-alpha-channel-opacity\"\/>\n\n\n\n<p class=\"has-text-align-center has-text-color\" style=\"color:#5370a2\"><strong><a href=\"https:\/\/www.agv44.org\/site\/les-forums-de-genealogie\/\">Les 29 et 30 octobre, remise des tables et expositions de photos \u00e0 Saint-Lumine -de-Clisson.<\/a><\/strong><\/p>\n\n\n\n<div class=\"wp-block-columns is-layout-flex wp-container-core-columns-is-layout-3 wp-block-columns-is-layout-flex\">\n<div class=\"wp-block-column is-layout-flow wp-block-column-is-layout-flow\"><div class=\"wp-block-image\">\n<figure class=\"aligncenter size-large is-resized\"><a href=\"https:\/\/www.agv44.org\/site\/les-forums-de-genealogie\/\"><img loading=\"lazy\" decoding=\"async\" width=\"742\" height=\"1024\" src=\"https:\/\/www.agv44.org\/site\/wp-content\/uploads\/2022\/10\/Affiche2022octder02-742x1024.jpg\" alt=\"\" class=\"wp-image-5502\" style=\"width:250px;height:345px\" srcset=\"https:\/\/www.agv44.org\/site\/wp-content\/uploads\/2022\/10\/Affiche2022octder02-742x1024.jpg 742w, https:\/\/www.agv44.org\/site\/wp-content\/uploads\/2022\/10\/Affiche2022octder02-217x300.jpg 217w, https:\/\/www.agv44.org\/site\/wp-content\/uploads\/2022\/10\/Affiche2022octder02-768x1060.jpg 768w, https:\/\/www.agv44.org\/site\/wp-content\/uploads\/2022\/10\/Affiche2022octder02-1113x1536.jpg 1113w, https:\/\/www.agv44.org\/site\/wp-content\/uploads\/2022\/10\/Affiche2022octder02-1484x2048.jpg 1484w, https:\/\/www.agv44.org\/site\/wp-content\/uploads\/2022\/10\/Affiche2022octder02-676x933.jpg 676w, https:\/\/www.agv44.org\/site\/wp-content\/uploads\/2022\/10\/Affiche2022octder02.jpg 1654w\" sizes=\"auto, (max-width: 742px) 100vw, 742px\" \/><\/a><\/figure><\/div><\/div>\n\n\n\n<div class=\"wp-block-column is-layout-flow wp-block-column-is-layout-flow\">\n<figure class=\"wp-block-image size-large is-resized\"><a href=\"https:\/\/www.agv44.org\/site\/les-forums-de-genealogie\/\"><img loading=\"lazy\" decoding=\"async\" width=\"1024\" height=\"983\" src=\"https:\/\/www.agv44.org\/site\/wp-content\/uploads\/2022\/11\/20221029-1024x983.jpg\" alt=\"\" class=\"wp-image-5587\" style=\"width:323px;height:309px\" srcset=\"https:\/\/www.agv44.org\/site\/wp-content\/uploads\/2022\/11\/20221029-1024x983.jpg 1024w, https:\/\/www.agv44.org\/site\/wp-content\/uploads\/2022\/11\/20221029-300x288.jpg 300w, https:\/\/www.agv44.org\/site\/wp-content\/uploads\/2022\/11\/20221029-768x738.jpg 768w, https:\/\/www.agv44.org\/site\/wp-content\/uploads\/2022\/11\/20221029-1536x1475.jpg 1536w, https:\/\/www.agv44.org\/site\/wp-content\/uploads\/2022\/11\/20221029-2048x1967.jpg 2048w, https:\/\/www.agv44.org\/site\/wp-content\/uploads\/2022\/11\/20221029-676x649.jpg 676w\" sizes=\"auto, (max-width: 1024px) 100vw, 1024px\" \/><\/a><\/figure>\n\n\n\n<p>Deux belles journ\u00e9es, riches de contacts et d&rsquo;\u00e9motion.<\/p>\n<\/div>\n<\/div>\n\n\n\n<hr class=\"wp-block-separator has-css-opacity\"\/>\n\n\n<div class=\"wp-block-image\">\n<figure class=\"aligncenter size-large is-resized\" id=\"nosprojets\"><img loading=\"lazy\" decoding=\"async\" width=\"966\" height=\"236\" src=\"https:\/\/www.agv44.org\/site\/wp-content\/uploads\/2020\/03\/Les-projets.png\" alt=\"\" class=\"wp-image-2689\" style=\"width:354px;height:71px\" srcset=\"https:\/\/www.agv44.org\/site\/wp-content\/uploads\/2020\/03\/Les-projets.png 966w, https:\/\/www.agv44.org\/site\/wp-content\/uploads\/2020\/03\/Les-projets-300x73.png 300w, https:\/\/www.agv44.org\/site\/wp-content\/uploads\/2020\/03\/Les-projets-768x188.png 768w, https:\/\/www.agv44.org\/site\/wp-content\/uploads\/2020\/03\/Les-projets-676x165.png 676w\" sizes=\"auto, (max-width: 966px) 100vw, 966px\" \/><\/figure><\/div>\n\n\n<div class=\"wp-block-group is-nowrap is-layout-flex wp-container-core-group-is-layout-13 wp-block-group-is-layout-flex\"><div class=\"wp-block-image\">\n<figure class=\"aligncenter size-full is-resized\"><img loading=\"lazy\" decoding=\"async\" width=\"1624\" height=\"2154\" src=\"https:\/\/www.agv44.org\/site\/wp-content\/uploads\/2025\/12\/affiche-v4-large.jpg\" alt=\"\" class=\"wp-image-7684\" style=\"width:158px;height:auto\" srcset=\"https:\/\/www.agv44.org\/site\/wp-content\/uploads\/2025\/12\/affiche-v4-large.jpg 1624w, https:\/\/www.agv44.org\/site\/wp-content\/uploads\/2025\/12\/affiche-v4-large-226x300.jpg 226w, https:\/\/www.agv44.org\/site\/wp-content\/uploads\/2025\/12\/affiche-v4-large-772x1024.jpg 772w, https:\/\/www.agv44.org\/site\/wp-content\/uploads\/2025\/12\/affiche-v4-large-768x1019.jpg 768w, https:\/\/www.agv44.org\/site\/wp-content\/uploads\/2025\/12\/affiche-v4-large-1158x1536.jpg 1158w, https:\/\/www.agv44.org\/site\/wp-content\/uploads\/2025\/12\/affiche-v4-large-1544x2048.jpg 1544w, https:\/\/www.agv44.org\/site\/wp-content\/uploads\/2025\/12\/affiche-v4-large-676x897.jpg 676w\" sizes=\"auto, (max-width: 1624px) 100vw, 1624px\" \/><\/figure><\/div>\n\n\n<p class=\"has-text-align-center\">Les 6 et 7 Juin 2026 Le CG Sud Bretagne Morbihan nous attend \u00e0 Lorient<\/p>\n<\/div>\n\n\n\n<div class=\"wp-block-group is-nowrap is-layout-flex wp-container-core-group-is-layout-14 wp-block-group-is-layout-flex\">\n<p>Pour ses 40 ans, le CG Aunis nous convie \u00e0 son salon les 26 et 27 septembre 2026 \u00e0 Ch\u00e2telaillon-Plage. <\/p>\n\n\n\n<figure class=\"wp-block-image size-full is-resized\"><img loading=\"lazy\" decoding=\"async\" width=\"674\" height=\"960\" src=\"https:\/\/www.agv44.org\/site\/wp-content\/uploads\/2026\/04\/affiche-aunis2026.jpg\" alt=\"\" class=\"wp-image-7836\" style=\"width:229px\" srcset=\"https:\/\/www.agv44.org\/site\/wp-content\/uploads\/2026\/04\/affiche-aunis2026.jpg 674w, https:\/\/www.agv44.org\/site\/wp-content\/uploads\/2026\/04\/affiche-aunis2026-211x300.jpg 211w\" sizes=\"auto, (max-width: 674px) 100vw, 674px\" \/><\/figure>\n<\/div>\n\n\n\n<div class=\"wp-block-group is-nowrap is-layout-flex wp-container-core-group-is-layout-15 wp-block-group-is-layout-flex\"><div class=\"wp-block-image\">\n<figure class=\"aligncenter size-full is-resized\"><img loading=\"lazy\" decoding=\"async\" width=\"200\" height=\"220\" src=\"https:\/\/www.agv44.org\/site\/wp-content\/uploads\/2025\/09\/st-joachinredred.jpg\" alt=\"\" class=\"wp-image-7516\" style=\"width:103px;height:auto\"\/><\/figure><\/div>\n\n\n<p class=\"has-text-align-center\">Saint-Joachim les 17 et 18 octobre 2026<\/p>\n<\/div>\n\n\n\n<div class=\"wp-block-group is-nowrap is-layout-flex wp-container-core-group-is-layout-16 wp-block-group-is-layout-flex\">\n<p>Aussi les 17 et 18 Octobre 2026 nous sommes invit\u00e9s en Pays d&rsquo;Armor \u00e0 Pl\u00e9rin<\/p>\n\n\n\n<figure class=\"wp-block-image size-large is-resized\"><img loading=\"lazy\" decoding=\"async\" width=\"923\" height=\"1024\" src=\"https:\/\/www.agv44.org\/site\/wp-content\/uploads\/2025\/11\/Plerinsite-923x1024.jpg\" alt=\"\" class=\"wp-image-7657\" style=\"width:111px;height:auto\" srcset=\"https:\/\/www.agv44.org\/site\/wp-content\/uploads\/2025\/11\/Plerinsite-923x1024.jpg 923w, https:\/\/www.agv44.org\/site\/wp-content\/uploads\/2025\/11\/Plerinsite-270x300.jpg 270w, https:\/\/www.agv44.org\/site\/wp-content\/uploads\/2025\/11\/Plerinsite-768x852.jpg 768w, https:\/\/www.agv44.org\/site\/wp-content\/uploads\/2025\/11\/Plerinsite-1385x1536.jpg 1385w, https:\/\/www.agv44.org\/site\/wp-content\/uploads\/2025\/11\/Plerinsite-1846x2048.jpg 1846w, https:\/\/www.agv44.org\/site\/wp-content\/uploads\/2025\/11\/Plerinsite-676x750.jpg 676w\" sizes=\"auto, (max-width: 923px) 100vw, 923px\" \/><\/figure>\n<\/div>\n\n\n\n<div class=\"wp-block-group is-content-justification-left is-nowrap is-layout-flex wp-container-core-group-is-layout-17 wp-block-group-is-layout-flex\">\n<figure class=\"wp-block-image size-large is-resized\"><img loading=\"lazy\" decoding=\"async\" width=\"724\" height=\"1024\" src=\"https:\/\/www.agv44.org\/site\/wp-content\/uploads\/2026\/02\/affiche-aisne2026-724x1024.jpg\" alt=\"\" class=\"wp-image-7765\" style=\"width:229px;height:auto\" srcset=\"https:\/\/www.agv44.org\/site\/wp-content\/uploads\/2026\/02\/affiche-aisne2026-724x1024.jpg 724w, https:\/\/www.agv44.org\/site\/wp-content\/uploads\/2026\/02\/affiche-aisne2026-212x300.jpg 212w, https:\/\/www.agv44.org\/site\/wp-content\/uploads\/2026\/02\/affiche-aisne2026-768x1086.jpg 768w, https:\/\/www.agv44.org\/site\/wp-content\/uploads\/2026\/02\/affiche-aisne2026-1086x1536.jpg 1086w, https:\/\/www.agv44.org\/site\/wp-content\/uploads\/2026\/02\/affiche-aisne2026-1448x2048.jpg 1448w, https:\/\/www.agv44.org\/site\/wp-content\/uploads\/2026\/02\/affiche-aisne2026-676x956.jpg 676w, https:\/\/www.agv44.org\/site\/wp-content\/uploads\/2026\/02\/affiche-aisne2026.jpg 1587w\" sizes=\"auto, (max-width: 724px) 100vw, 724px\" \/><\/figure>\n\n\n\n<p>Sur le th\u00e8me \u00a0\u00bb Le temps de l&rsquo;enfance\u00a0\u00bb, le Cercle G\u00e9n\u00e9alogique de l&rsquo;Aisne nous invite \u00e0 son 40e anniversaire les 7 et 8 novembre 2026. Nous y serons.<\/p>\n<\/div>\n\n\n<div class=\"wp-block-image\">\n<figure class=\"aligncenter size-large is-resized\"><img loading=\"lazy\" decoding=\"async\" width=\"300\" height=\"271\" src=\"https:\/\/www.agv44.org\/site\/wp-content\/uploads\/2020\/03\/logoagv300.png\" alt=\"\" class=\"wp-image-2921\" style=\"width:132px;height:119px\"\/><\/figure><\/div>\n\n\n<p><\/p>\n","protected":false},"excerpt":{"rendered":"<p>Jour de permanence \u00e0 la salle Jules Bouchaud (Cliquez pour y acc\u00e9der) On y pense d\u00e9j\u00e0 !!! Mais \u00e0 quoi ? Mais \u00e0 la Biennale 2027 ! R\u00e9servez vos jours ! Les 3 et 4 avril 2027 Notre attention se portera cette fois sur la Mode. A vos id\u00e9es ! Si cela vous tente&#8230; L&rsquo;ann\u00e9e [&hellip;]<\/p>\n","protected":false},"author":1,"featured_media":0,"parent":0,"menu_order":0,"comment_status":"closed","ping_status":"closed","template":"","meta":{"footnotes":""},"class_list":["post-1340","page","type-page","status-publish","hentry","post-preview"],"yoast_head":"<!-- This site is optimized with the Yoast SEO plugin v24.4 - https:\/\/yoast.com\/wordpress\/plugins\/seo\/ -->\n<title>Association G\u00e9n\u00e9alogique Vertavienne<\/title>\n<meta name=\"description\" content=\"Jour de permanence \u00e0 la salle Jules Bouchaud (Cliquez pour y acc\u00e9der) On y pense d\u00e9j\u00e0 !!! Mais \u00e0 quoi ? Mais \u00e0 la Biennale 2027 ! R\u00e9servez vos jours ! Les\" \/>\n<meta name=\"robots\" content=\"index, follow, max-snippet:-1, max-image-preview:large, max-video-preview:-1\" \/>\n<link rel=\"canonical\" href=\"https:\/\/www.agv44.org\/site\/\" \/>\n<meta property=\"og:locale\" content=\"fr_FR\" \/>\n<meta property=\"og:type\" content=\"article\" \/>\n<meta property=\"og:title\" content=\"Association G\u00e9n\u00e9alogique Vertavienne\" \/>\n<meta property=\"og:description\" content=\"Jour de permanence \u00e0 la salle Jules Bouchaud (Cliquez pour y acc\u00e9der) On y pense d\u00e9j\u00e0 !!! Mais \u00e0 quoi ? Mais \u00e0 la Biennale 2027 ! R\u00e9servez vos jours ! Les\" \/>\n<meta property=\"og:url\" content=\"https:\/\/www.agv44.org\/site\/\" \/>\n<meta property=\"article:modified_time\" content=\"2026-04-27T09:32:05+00:00\" \/>\n<meta property=\"og:image\" content=\"https:\/\/www.agv44.org\/site\/wp-content\/uploads\/2020\/04\/bienvenue.png\" \/>\n\t<meta property=\"og:image:width\" content=\"3680\" \/>\n\t<meta property=\"og:image:height\" content=\"705\" \/>\n\t<meta property=\"og:image:type\" content=\"image\/png\" \/>\n<meta name=\"twitter:card\" content=\"summary_large_image\" \/>\n<meta name=\"twitter:label1\" content=\"Dur\u00e9e de lecture estim\u00e9e\" \/>\n\t<meta name=\"twitter:data1\" content=\"16 minutes\" \/>\n<script type=\"application\/ld+json\" class=\"yoast-schema-graph\">{\"@context\":\"https:\/\/schema.org\",\"@graph\":[{\"@type\":\"WebPage\",\"@id\":\"https:\/\/www.agv44.org\/site\/\",\"url\":\"https:\/\/www.agv44.org\/site\/\",\"name\":\"Association G\u00e9n\u00e9alogique Vertavienne\",\"isPartOf\":{\"@id\":\"https:\/\/www.agv44.org\/site\/#website\"},\"primaryImageOfPage\":{\"@id\":\"https:\/\/www.agv44.org\/site\/#primaryimage\"},\"image\":{\"@id\":\"https:\/\/www.agv44.org\/site\/#primaryimage\"},\"thumbnailUrl\":\"https:\/\/www.agv44.org\/site\/wp-content\/uploads\/2020\/04\/bienvenue-1024x196.png\",\"datePublished\":\"2020-01-24T15:42:55+00:00\",\"dateModified\":\"2026-04-27T09:32:05+00:00\",\"description\":\"Jour de permanence \u00e0 la salle Jules Bouchaud (Cliquez pour y acc\u00e9der) On y pense d\u00e9j\u00e0 !!! Mais \u00e0 quoi ? Mais \u00e0 la Biennale 2027 ! R\u00e9servez vos jours ! Les\",\"breadcrumb\":{\"@id\":\"https:\/\/www.agv44.org\/site\/#breadcrumb\"},\"inLanguage\":\"fr-FR\",\"potentialAction\":[{\"@type\":\"ReadAction\",\"target\":[\"https:\/\/www.agv44.org\/site\/\"]}]},{\"@type\":\"ImageObject\",\"inLanguage\":\"fr-FR\",\"@id\":\"https:\/\/www.agv44.org\/site\/#primaryimage\",\"url\":\"https:\/\/www.agv44.org\/site\/wp-content\/uploads\/2020\/04\/bienvenue.png\",\"contentUrl\":\"https:\/\/www.agv44.org\/site\/wp-content\/uploads\/2020\/04\/bienvenue.png\",\"width\":3680,\"height\":705},{\"@type\":\"BreadcrumbList\",\"@id\":\"https:\/\/www.agv44.org\/site\/#breadcrumb\",\"itemListElement\":[{\"@type\":\"ListItem\",\"position\":1,\"name\":\"Accueil\",\"item\":\"https:\/\/www.agv44.org\/site\/\"},{\"@type\":\"ListItem\",\"position\":2,\"name\":\"accueil\"}]},{\"@type\":\"WebSite\",\"@id\":\"https:\/\/www.agv44.org\/site\/#website\",\"url\":\"https:\/\/www.agv44.org\/site\/\",\"name\":\"\",\"description\":\"\",\"publisher\":{\"@id\":\"https:\/\/www.agv44.org\/site\/#organization\"},\"potentialAction\":[{\"@type\":\"SearchAction\",\"target\":{\"@type\":\"EntryPoint\",\"urlTemplate\":\"https:\/\/www.agv44.org\/site\/?s={search_term_string}\"},\"query-input\":{\"@type\":\"PropertyValueSpecification\",\"valueRequired\":true,\"valueName\":\"search_term_string\"}}],\"inLanguage\":\"fr-FR\"},{\"@type\":\"Organization\",\"@id\":\"https:\/\/www.agv44.org\/site\/#organization\",\"name\":\"Association G\u00e9n\u00e9alogique Vertavienne\",\"url\":\"https:\/\/www.agv44.org\/site\/\",\"logo\":{\"@type\":\"ImageObject\",\"inLanguage\":\"fr-FR\",\"@id\":\"https:\/\/www.agv44.org\/site\/#\/schema\/logo\/image\/\",\"url\":\"https:\/\/www.agv44.org\/site\/wp-content\/uploads\/2020\/04\/logoagv300.png\",\"contentUrl\":\"https:\/\/www.agv44.org\/site\/wp-content\/uploads\/2020\/04\/logoagv300.png\",\"width\":300,\"height\":271,\"caption\":\"Association G\u00e9n\u00e9alogique Vertavienne\"},\"image\":{\"@id\":\"https:\/\/www.agv44.org\/site\/#\/schema\/logo\/image\/\"}}]}<\/script>\n<!-- \/ Yoast SEO plugin. -->","yoast_head_json":{"title":"Association G\u00e9n\u00e9alogique Vertavienne","description":"Jour de permanence \u00e0 la salle Jules Bouchaud (Cliquez pour y acc\u00e9der) On y pense d\u00e9j\u00e0 !!! Mais \u00e0 quoi ? Mais \u00e0 la Biennale 2027 ! R\u00e9servez vos jours ! Les","robots":{"index":"index","follow":"follow","max-snippet":"max-snippet:-1","max-image-preview":"max-image-preview:large","max-video-preview":"max-video-preview:-1"},"canonical":"https:\/\/www.agv44.org\/site\/","og_locale":"fr_FR","og_type":"article","og_title":"Association G\u00e9n\u00e9alogique Vertavienne","og_description":"Jour de permanence \u00e0 la salle Jules Bouchaud (Cliquez pour y acc\u00e9der) On y pense d\u00e9j\u00e0 !!! Mais \u00e0 quoi ? Mais \u00e0 la Biennale 2027 ! R\u00e9servez vos jours ! Les","og_url":"https:\/\/www.agv44.org\/site\/","article_modified_time":"2026-04-27T09:32:05+00:00","og_image":[{"width":3680,"height":705,"url":"https:\/\/www.agv44.org\/site\/wp-content\/uploads\/2020\/04\/bienvenue.png","type":"image\/png"}],"twitter_card":"summary_large_image","twitter_misc":{"Dur\u00e9e de lecture estim\u00e9e":"16 minutes"},"schema":{"@context":"https:\/\/schema.org","@graph":[{"@type":"WebPage","@id":"https:\/\/www.agv44.org\/site\/","url":"https:\/\/www.agv44.org\/site\/","name":"Association G\u00e9n\u00e9alogique Vertavienne","isPartOf":{"@id":"https:\/\/www.agv44.org\/site\/#website"},"primaryImageOfPage":{"@id":"https:\/\/www.agv44.org\/site\/#primaryimage"},"image":{"@id":"https:\/\/www.agv44.org\/site\/#primaryimage"},"thumbnailUrl":"https:\/\/www.agv44.org\/site\/wp-content\/uploads\/2020\/04\/bienvenue-1024x196.png","datePublished":"2020-01-24T15:42:55+00:00","dateModified":"2026-04-27T09:32:05+00:00","description":"Jour de permanence \u00e0 la salle Jules Bouchaud (Cliquez pour y acc\u00e9der) On y pense d\u00e9j\u00e0 !!! Mais \u00e0 quoi ? Mais \u00e0 la Biennale 2027 ! R\u00e9servez vos jours ! Les","breadcrumb":{"@id":"https:\/\/www.agv44.org\/site\/#breadcrumb"},"inLanguage":"fr-FR","potentialAction":[{"@type":"ReadAction","target":["https:\/\/www.agv44.org\/site\/"]}]},{"@type":"ImageObject","inLanguage":"fr-FR","@id":"https:\/\/www.agv44.org\/site\/#primaryimage","url":"https:\/\/www.agv44.org\/site\/wp-content\/uploads\/2020\/04\/bienvenue.png","contentUrl":"https:\/\/www.agv44.org\/site\/wp-content\/uploads\/2020\/04\/bienvenue.png","width":3680,"height":705},{"@type":"BreadcrumbList","@id":"https:\/\/www.agv44.org\/site\/#breadcrumb","itemListElement":[{"@type":"ListItem","position":1,"name":"Accueil","item":"https:\/\/www.agv44.org\/site\/"},{"@type":"ListItem","position":2,"name":"accueil"}]},{"@type":"WebSite","@id":"https:\/\/www.agv44.org\/site\/#website","url":"https:\/\/www.agv44.org\/site\/","name":"","description":"","publisher":{"@id":"https:\/\/www.agv44.org\/site\/#organization"},"potentialAction":[{"@type":"SearchAction","target":{"@type":"EntryPoint","urlTemplate":"https:\/\/www.agv44.org\/site\/?s={search_term_string}"},"query-input":{"@type":"PropertyValueSpecification","valueRequired":true,"valueName":"search_term_string"}}],"inLanguage":"fr-FR"},{"@type":"Organization","@id":"https:\/\/www.agv44.org\/site\/#organization","name":"Association G\u00e9n\u00e9alogique Vertavienne","url":"https:\/\/www.agv44.org\/site\/","logo":{"@type":"ImageObject","inLanguage":"fr-FR","@id":"https:\/\/www.agv44.org\/site\/#\/schema\/logo\/image\/","url":"https:\/\/www.agv44.org\/site\/wp-content\/uploads\/2020\/04\/logoagv300.png","contentUrl":"https:\/\/www.agv44.org\/site\/wp-content\/uploads\/2020\/04\/logoagv300.png","width":300,"height":271,"caption":"Association G\u00e9n\u00e9alogique Vertavienne"},"image":{"@id":"https:\/\/www.agv44.org\/site\/#\/schema\/logo\/image\/"}}]}},"_links":{"self":[{"href":"https:\/\/www.agv44.org\/site\/wp-json\/wp\/v2\/pages\/1340","targetHints":{"allow":["GET"]}}],"collection":[{"href":"https:\/\/www.agv44.org\/site\/wp-json\/wp\/v2\/pages"}],"about":[{"href":"https:\/\/www.agv44.org\/site\/wp-json\/wp\/v2\/types\/page"}],"author":[{"embeddable":true,"href":"https:\/\/www.agv44.org\/site\/wp-json\/wp\/v2\/users\/1"}],"replies":[{"embeddable":true,"href":"https:\/\/www.agv44.org\/site\/wp-json\/wp\/v2\/comments?post=1340"}],"version-history":[{"count":545,"href":"https:\/\/www.agv44.org\/site\/wp-json\/wp\/v2\/pages\/1340\/revisions"}],"predecessor-version":[{"id":7845,"href":"https:\/\/www.agv44.org\/site\/wp-json\/wp\/v2\/pages\/1340\/revisions\/7845"}],"wp:attachment":[{"href":"https:\/\/www.agv44.org\/site\/wp-json\/wp\/v2\/media?parent=1340"}],"curies":[{"name":"wp","href":"https:\/\/api.w.org\/{rel}","templated":true}]}}